{"id":1563,"date":"2018-03-22T15:34:02","date_gmt":"2018-03-22T14:34:02","guid":{"rendered":"https:\/\/alpagasmaquis.be\/?post_type=product&#038;p=1563"},"modified":"2024-12-14T20:59:48","modified_gmt":"2024-12-14T19:59:48","slug":"echarpe-essentielle-mixte-coloris-au-choix-2","status":"publish","type":"product","link":"https:\/\/alpagasdumaquis.be\/en\/produit\/echarpe-essentielle-mixte-coloris-au-choix-2\/","title":{"rendered":"Echarpe Essentielle mixte \/ coloris au choix"},"content":{"rendered":"<p><meta charset=\"utf-8\"><\/p>\n<p>Une \u00e9charpe simple en 100%\u00a0Baby Alpaca et \u00e0 un prix vraiment abordable !<\/p>\n<p>Elle est tr\u00e8s souple et convient aux femmes comme aux hommes, d&#8217;un look \u00e9l\u00e9gant, sportif ou d\u00e9contract\u00e9.\u00a0<\/p>\n<p>Dimensions: 30 x 165 \/ 180cm (sans \/ avec franges)<\/p>\n","protected":false},"excerpt":{"rendered":"<p>Une \u00e9charpe simple en 100%\u00a0Baby Alpaca et \u00e0 un prix vraiment abordable ! Elle est tr\u00e8s souple et convient aux femmes comme aux hommes, d&#8217;un look \u00e9l\u00e9gant, sportif ou d\u00e9contract\u00e9.\u00a0 Dimensions: 30 x 165 \/ 180cm (sans \/ avec franges)<\/p>\n","protected":false},"featured_media":1571,"comment_status":"open","ping_status":"closed","template":"","meta":[],"product_brand":[58],"product_cat":[49],"product_tag":[],"class_list":{"0":"post-1563","1":"product","2":"type-product","3":"status-publish","4":"has-post-thumbnail","6":"product_brand-apu-kuntur","7":"product_cat-peru-tete-cou-bien-proteges-2","8":"pa_couleur-anthracite-en","9":"pa_couleur-aubergine-en","10":"pa_couleur-bleu-nuance-en","11":"pa_couleur-ecru-en","12":"pa_couleur-gris-argent-en","13":"pa_couleur-gris-moyen-en","14":"pa_couleur-lie-de-vin-en","15":"pa_couleur-navy-en","16":"pa_couleur-sable-en","18":"first","19":"instock","20":"shipping-taxable","21":"purchasable","22":"product-type-variable"},"yoast_head":"<!-- This site is optimized with the Yoast SEO plugin v27.5 - https:\/\/yoast.com\/product\/yoast-seo-wordpress\/ -->\n<title>Echarpe Essentielle mixte \/ coloris au choix<\/title>\n<meta name=\"description\" content=\"Une \u00e9charpe simple en 100%\u00a0Baby Alpaca et \u00e0 un prix vraiment abordable ! Elle est tr\u00e8s souple et convient aux femmes comme aux hommes, d&#039;un look \u00e9l\u00e9gant, sportif ou d\u00e9contract\u00e9.\u00a0 Dimensions: 30 x 165 \/ 180cm (sans \/ avec franges)\" \/>\n<meta name=\"robots\" content=\"index, follow, max-snippet:-1, max-image-preview:large, max-video-preview:-1\" \/>\n<link rel=\"canonical\" href=\"https:\/\/alpagasdumaquis.be\/produit\/echarpe-essentielle-mixte-coloris-au-choix\/\" \/>\n<meta property=\"og:locale\" content=\"en_US\" \/>\n<meta property=\"og:type\" content=\"article\" \/>\n<meta property=\"og:title\" content=\"Echarpe Essentielle mixte \/ coloris au choix\" \/>\n<meta property=\"og:description\" content=\"Une \u00e9charpe simple en 100%\u00a0Baby Alpaca et \u00e0 un prix vraiment abordable ! Elle est tr\u00e8s souple et convient aux femmes comme aux hommes, d&#039;un look \u00e9l\u00e9gant, sportif ou d\u00e9contract\u00e9.\u00a0 Dimensions: 30 x 165 \/ 180cm (sans \/ avec franges)\" \/>\n<meta property=\"og:url\" content=\"https:\/\/alpagasdumaquis.be\/produit\/echarpe-essentielle-mixte-coloris-au-choix\/\" \/>\n<meta property=\"og:site_name\" content=\"Alpagas du Maquis\" \/>\n<meta property=\"article:modified_time\" content=\"2024-12-14T19:59:48+00:00\" \/>\n<meta property=\"og:image\" content=\"https:\/\/alpagasdumaquis.be\/wp-content\/uploads\/2019\/11\/products-09029-01-uni-webschal-2019-aubergine-damen-herren-baby-alpaca-1.jpg\" \/>\n\t<meta property=\"og:image:width\" content=\"1500\" \/>\n\t<meta property=\"og:image:height\" content=\"2275\" \/>\n\t<meta property=\"og:image:type\" content=\"image\/jpeg\" \/>\n<meta name=\"twitter:card\" content=\"summary_large_image\" \/>\n<script type=\"application\/ld+json\" class=\"yoast-schema-graph\">{\"@context\":\"https:\\\/\\\/schema.org\",\"@graph\":[{\"@type\":\"WebPage\",\"@id\":\"https:\\\/\\\/alpagasdumaquis.be\\\/produit\\\/echarpe-essentielle-mixte-coloris-au-choix\\\/\",\"url\":\"https:\\\/\\\/alpagasdumaquis.be\\\/produit\\\/echarpe-essentielle-mixte-coloris-au-choix\\\/\",\"name\":\"Echarpe Essentielle mixte \\\/ coloris au choix\",\"isPartOf\":{\"@id\":\"https:\\\/\\\/alpagasdumaquis.be\\\/#website\"},\"primaryImageOfPage\":{\"@id\":\"https:\\\/\\\/alpagasdumaquis.be\\\/produit\\\/echarpe-essentielle-mixte-coloris-au-choix\\\/#primaryimage\"},\"image\":{\"@id\":\"https:\\\/\\\/alpagasdumaquis.be\\\/produit\\\/echarpe-essentielle-mixte-coloris-au-choix\\\/#primaryimage\"},\"thumbnailUrl\":\"https:\\\/\\\/alpagasdumaquis.be\\\/wp-content\\\/uploads\\\/2019\\\/11\\\/products-09029-01-uni-webschal-2019-aubergine-damen-herren-baby-alpaca-1.jpg\",\"datePublished\":\"2018-03-22T14:34:02+00:00\",\"dateModified\":\"2024-12-14T19:59:48+00:00\",\"description\":\"Une \u00e9charpe simple en 100%\u00a0Baby Alpaca et \u00e0 un prix vraiment abordable ! Elle est tr\u00e8s souple et convient aux femmes comme aux hommes, d'un look \u00e9l\u00e9gant, sportif ou d\u00e9contract\u00e9.\u00a0 Dimensions: 30 x 165 \\\/ 180cm (sans \\\/ avec franges)\",\"breadcrumb\":{\"@id\":\"https:\\\/\\\/alpagasdumaquis.be\\\/produit\\\/echarpe-essentielle-mixte-coloris-au-choix\\\/#breadcrumb\"},\"inLanguage\":\"en-US\",\"potentialAction\":[{\"@type\":\"ReadAction\",\"target\":[\"https:\\\/\\\/alpagasdumaquis.be\\\/produit\\\/echarpe-essentielle-mixte-coloris-au-choix\\\/\"]}]},{\"@type\":\"ImageObject\",\"inLanguage\":\"en-US\",\"@id\":\"https:\\\/\\\/alpagasdumaquis.be\\\/produit\\\/echarpe-essentielle-mixte-coloris-au-choix\\\/#primaryimage\",\"url\":\"https:\\\/\\\/alpagasdumaquis.be\\\/wp-content\\\/uploads\\\/2019\\\/11\\\/products-09029-01-uni-webschal-2019-aubergine-damen-herren-baby-alpaca-1.jpg\",\"contentUrl\":\"https:\\\/\\\/alpagasdumaquis.be\\\/wp-content\\\/uploads\\\/2019\\\/11\\\/products-09029-01-uni-webschal-2019-aubergine-damen-herren-baby-alpaca-1.jpg\",\"width\":1500,\"height\":2275,\"caption\":\"Echarpe Essentielle mixte \\\/ coloris au choix\"},{\"@type\":\"BreadcrumbList\",\"@id\":\"https:\\\/\\\/alpagasdumaquis.be\\\/produit\\\/echarpe-essentielle-mixte-coloris-au-choix\\\/#breadcrumb\",\"itemListElement\":[{\"@type\":\"ListItem\",\"position\":1,\"name\":\"Accueil\",\"item\":\"https:\\\/\\\/alpagasdumaquis.be\\\/en\\\/alpagas-du-maquis-alpaca-breeding-spinning-mill-shop\\\/\"},{\"@type\":\"ListItem\",\"position\":2,\"name\":\"origin &#8211; Boutique\",\"item\":\"https:\\\/\\\/alpagasdumaquis.be\\\/boutique-origin\\\/\"},{\"@type\":\"ListItem\",\"position\":3,\"name\":\"Echarpe Essentielle mixte \\\/ coloris au choix\"}]},{\"@type\":\"WebSite\",\"@id\":\"https:\\\/\\\/alpagasdumaquis.be\\\/#website\",\"url\":\"https:\\\/\\\/alpagasdumaquis.be\\\/\",\"name\":\"Alpagas du Maquis\",\"description\":\"Quality Alpagas &amp; Fiber Mill\",\"publisher\":{\"@id\":\"https:\\\/\\\/alpagasdumaquis.be\\\/#organization\"},\"potentialAction\":[{\"@type\":\"SearchAction\",\"target\":{\"@type\":\"EntryPoint\",\"urlTemplate\":\"https:\\\/\\\/alpagasdumaquis.be\\\/?s={search_term_string}\"},\"query-input\":{\"@type\":\"PropertyValueSpecification\",\"valueRequired\":true,\"valueName\":\"search_term_string\"}}],\"inLanguage\":\"en-US\"},{\"@type\":\"Organization\",\"@id\":\"https:\\\/\\\/alpagasdumaquis.be\\\/#organization\",\"name\":\"Alpagas du Maquis\",\"url\":\"https:\\\/\\\/alpagasdumaquis.be\\\/\",\"logo\":{\"@type\":\"ImageObject\",\"inLanguage\":\"en-US\",\"@id\":\"https:\\\/\\\/alpagasdumaquis.be\\\/#\\\/schema\\\/logo\\\/image\\\/\",\"url\":\"https:\\\/\\\/alpagasdumaquis.be\\\/wp-content\\\/uploads\\\/2023\\\/07\\\/alpagas-logo.76cc389.webp\",\"contentUrl\":\"https:\\\/\\\/alpagasdumaquis.be\\\/wp-content\\\/uploads\\\/2023\\\/07\\\/alpagas-logo.76cc389.webp\",\"width\":200,\"height\":200,\"caption\":\"Alpagas du Maquis\"},\"image\":{\"@id\":\"https:\\\/\\\/alpagasdumaquis.be\\\/#\\\/schema\\\/logo\\\/image\\\/\"}}]}<\/script>\n<!-- \/ Yoast SEO plugin. -->","yoast_head_json":{"title":"Echarpe Essentielle mixte \/ coloris au choix","description":"Une \u00e9charpe simple en 100%\u00a0Baby Alpaca et \u00e0 un prix vraiment abordable ! Elle est tr\u00e8s souple et convient aux femmes comme aux hommes, d'un look \u00e9l\u00e9gant, sportif ou d\u00e9contract\u00e9.\u00a0 Dimensions: 30 x 165 \/ 180cm (sans \/ avec franges)","robots":{"index":"index","follow":"follow","max-snippet":"max-snippet:-1","max-image-preview":"max-image-preview:large","max-video-preview":"max-video-preview:-1"},"canonical":"https:\/\/alpagasdumaquis.be\/produit\/echarpe-essentielle-mixte-coloris-au-choix\/","og_locale":"en_US","og_type":"article","og_title":"Echarpe Essentielle mixte \/ coloris au choix","og_description":"Une \u00e9charpe simple en 100%\u00a0Baby Alpaca et \u00e0 un prix vraiment abordable ! Elle est tr\u00e8s souple et convient aux femmes comme aux hommes, d'un look \u00e9l\u00e9gant, sportif ou d\u00e9contract\u00e9.\u00a0 Dimensions: 30 x 165 \/ 180cm (sans \/ avec franges)","og_url":"https:\/\/alpagasdumaquis.be\/produit\/echarpe-essentielle-mixte-coloris-au-choix\/","og_site_name":"Alpagas du Maquis","article_modified_time":"2024-12-14T19:59:48+00:00","og_image":[{"width":1500,"height":2275,"url":"https:\/\/alpagasdumaquis.be\/wp-content\/uploads\/2019\/11\/products-09029-01-uni-webschal-2019-aubergine-damen-herren-baby-alpaca-1.jpg","type":"image\/jpeg"}],"twitter_card":"summary_large_image","schema":{"@context":"https:\/\/schema.org","@graph":[{"@type":"WebPage","@id":"https:\/\/alpagasdumaquis.be\/produit\/echarpe-essentielle-mixte-coloris-au-choix\/","url":"https:\/\/alpagasdumaquis.be\/produit\/echarpe-essentielle-mixte-coloris-au-choix\/","name":"Echarpe Essentielle mixte \/ coloris au choix","isPartOf":{"@id":"https:\/\/alpagasdumaquis.be\/#website"},"primaryImageOfPage":{"@id":"https:\/\/alpagasdumaquis.be\/produit\/echarpe-essentielle-mixte-coloris-au-choix\/#primaryimage"},"image":{"@id":"https:\/\/alpagasdumaquis.be\/produit\/echarpe-essentielle-mixte-coloris-au-choix\/#primaryimage"},"thumbnailUrl":"https:\/\/alpagasdumaquis.be\/wp-content\/uploads\/2019\/11\/products-09029-01-uni-webschal-2019-aubergine-damen-herren-baby-alpaca-1.jpg","datePublished":"2018-03-22T14:34:02+00:00","dateModified":"2024-12-14T19:59:48+00:00","description":"Une \u00e9charpe simple en 100%\u00a0Baby Alpaca et \u00e0 un prix vraiment abordable ! Elle est tr\u00e8s souple et convient aux femmes comme aux hommes, d'un look \u00e9l\u00e9gant, sportif ou d\u00e9contract\u00e9.\u00a0 Dimensions: 30 x 165 \/ 180cm (sans \/ avec franges)","breadcrumb":{"@id":"https:\/\/alpagasdumaquis.be\/produit\/echarpe-essentielle-mixte-coloris-au-choix\/#breadcrumb"},"inLanguage":"en-US","potentialAction":[{"@type":"ReadAction","target":["https:\/\/alpagasdumaquis.be\/produit\/echarpe-essentielle-mixte-coloris-au-choix\/"]}]},{"@type":"ImageObject","inLanguage":"en-US","@id":"https:\/\/alpagasdumaquis.be\/produit\/echarpe-essentielle-mixte-coloris-au-choix\/#primaryimage","url":"https:\/\/alpagasdumaquis.be\/wp-content\/uploads\/2019\/11\/products-09029-01-uni-webschal-2019-aubergine-damen-herren-baby-alpaca-1.jpg","contentUrl":"https:\/\/alpagasdumaquis.be\/wp-content\/uploads\/2019\/11\/products-09029-01-uni-webschal-2019-aubergine-damen-herren-baby-alpaca-1.jpg","width":1500,"height":2275,"caption":"Echarpe Essentielle mixte \/ coloris au choix"},{"@type":"BreadcrumbList","@id":"https:\/\/alpagasdumaquis.be\/produit\/echarpe-essentielle-mixte-coloris-au-choix\/#breadcrumb","itemListElement":[{"@type":"ListItem","position":1,"name":"Accueil","item":"https:\/\/alpagasdumaquis.be\/en\/alpagas-du-maquis-alpaca-breeding-spinning-mill-shop\/"},{"@type":"ListItem","position":2,"name":"origin &#8211; Boutique","item":"https:\/\/alpagasdumaquis.be\/boutique-origin\/"},{"@type":"ListItem","position":3,"name":"Echarpe Essentielle mixte \/ coloris au choix"}]},{"@type":"WebSite","@id":"https:\/\/alpagasdumaquis.be\/#website","url":"https:\/\/alpagasdumaquis.be\/","name":"Alpagas du Maquis","description":"Quality Alpagas &amp; Fiber Mill","publisher":{"@id":"https:\/\/alpagasdumaquis.be\/#organization"},"potentialAction":[{"@type":"SearchAction","target":{"@type":"EntryPoint","urlTemplate":"https:\/\/alpagasdumaquis.be\/?s={search_term_string}"},"query-input":{"@type":"PropertyValueSpecification","valueRequired":true,"valueName":"search_term_string"}}],"inLanguage":"en-US"},{"@type":"Organization","@id":"https:\/\/alpagasdumaquis.be\/#organization","name":"Alpagas du Maquis","url":"https:\/\/alpagasdumaquis.be\/","logo":{"@type":"ImageObject","inLanguage":"en-US","@id":"https:\/\/alpagasdumaquis.be\/#\/schema\/logo\/image\/","url":"https:\/\/alpagasdumaquis.be\/wp-content\/uploads\/2023\/07\/alpagas-logo.76cc389.webp","contentUrl":"https:\/\/alpagasdumaquis.be\/wp-content\/uploads\/2023\/07\/alpagas-logo.76cc389.webp","width":200,"height":200,"caption":"Alpagas du Maquis"},"image":{"@id":"https:\/\/alpagasdumaquis.be\/#\/schema\/logo\/image\/"}}]}},"jetpack_sharing_enabled":true,"_links":{"self":[{"href":"https:\/\/alpagasdumaquis.be\/en\/wp-json\/wp\/v2\/product\/1563","targetHints":{"allow":["GET"]}}],"collection":[{"href":"https:\/\/alpagasdumaquis.be\/en\/wp-json\/wp\/v2\/product"}],"about":[{"href":"https:\/\/alpagasdumaquis.be\/en\/wp-json\/wp\/v2\/types\/product"}],"replies":[{"embeddable":true,"href":"https:\/\/alpagasdumaquis.be\/en\/wp-json\/wp\/v2\/comments?post=1563"}],"version-history":[{"count":0,"href":"https:\/\/alpagasdumaquis.be\/en\/wp-json\/wp\/v2\/product\/1563\/revisions"}],"wp:featuredmedia":[{"embeddable":true,"href":"https:\/\/alpagasdumaquis.be\/en\/wp-json\/wp\/v2\/media\/1571"}],"wp:attachment":[{"href":"https:\/\/alpagasdumaquis.be\/en\/wp-json\/wp\/v2\/media?parent=1563"}],"wp:term":[{"taxonomy":"product_brand","embeddable":true,"href":"https:\/\/alpagasdumaquis.be\/en\/wp-json\/wp\/v2\/product_brand?post=1563"},{"taxonomy":"product_cat","embeddable":true,"href":"https:\/\/alpagasdumaquis.be\/en\/wp-json\/wp\/v2\/product_cat?post=1563"},{"taxonomy":"product_tag","embeddable":true,"href":"https:\/\/alpagasdumaquis.be\/en\/wp-json\/wp\/v2\/product_tag?post=1563"}],"curies":[{"name":"wp","href":"https:\/\/api.w.org\/{rel}","templated":true}]}}