{"id":1833,"date":"2018-10-08T10:17:54","date_gmt":"2018-10-08T10:17:54","guid":{"rendered":"https:\/\/alpagasmaquis.be\/?post_type=product&#038;p=1833"},"modified":"2023-04-25T13:16:10","modified_gmt":"2023-04-25T13:16:10","slug":"gilet-pour-homme-double-2-coloris-2","status":"publish","type":"product","link":"https:\/\/alpagasdumaquis.be\/en\/produit\/gilet-pour-homme-double-2-coloris-2\/","title":{"rendered":"Gilet pour homme doubl\u00e9 \/ 2 coloris"},"content":{"rendered":"<p><meta charset=\"utf-8\"><\/p>\n<p><span>Simplement\u00a0tr\u00e8s beau et pour une chaleur s\u00fbre en toutes occasions!&#8230;<\/span><\/p>\n<p><meta charset=\"utf-8\"><\/p>\n<p><span>La coupe\u00a0simple avec les poches incorpor\u00e9es et la fermeture-\u00e9clair font de cette veste une compagne fiable pour tous les \u00e9v\u00e8nements. <\/span><\/p>\n<p><span>Peut \u00eatre port\u00e9 comme veste ou semi-ferm\u00e9 avec chemise et cravate ou simplement ouvert pour une apparence d\u00e9contract\u00e9e.\u00a0<br \/>Petit extra sympa: une doublure en coton\u00a0tr\u00e8s\u00a0doux pour une chaleur fiable m\u00eame par temps venteux!\u00a0<\/p>\n<p>Tricot\u00a0r\u00e9sistant en 100% Baby Alpaca\u00a0<br \/>Doublure: 93% Coton 7% Polyamide\u00a0<\/span><\/p>\n","protected":false},"excerpt":{"rendered":"<p>Simplement\u00a0tr\u00e8s beau et pour une chaleur s\u00fbre en toutes occasions!&#8230; La coupe\u00a0simple avec les poches incorpor\u00e9es et la fermeture-\u00e9clair font de cette veste une compagne fiable pour tous les \u00e9v\u00e8nements. Peut \u00eatre port\u00e9 comme veste ou semi-ferm\u00e9 avec chemise et cravate ou simplement ouvert pour une apparence d\u00e9contract\u00e9e.\u00a0Petit extra sympa: une doublure en coton\u00a0tr\u00e8s\u00a0doux pour [&hellip;]<\/p>\n","protected":false},"featured_media":1835,"comment_status":"open","ping_status":"closed","template":"","meta":[],"product_brand":[58],"product_cat":[53],"product_tag":[67,182,183,69,70,184,185,186,187],"class_list":{"0":"post-1833","1":"product","2":"type-product","3":"status-publish","4":"has-post-thumbnail","6":"product_brand-apu-kuntur","7":"product_cat-peru-s-envelopper-cocooner-2","8":"product_tag-alpaca","9":"product_tag-alpaca-cardigan","10":"product_tag-alpaca-jumper","11":"product_tag-alpaga","12":"product_tag-baby-alpaca","13":"product_tag-cardigan","14":"product_tag-gilet","15":"product_tag-pull","16":"product_tag-pull-alpaga","17":"pa_couleur-bleu-jeans-en","18":"pa_couleur-gris-en","19":"pa_taille-l-en","20":"pa_taille-m-en","21":"pa_taille-s-en","22":"pa_taille-xl-en","23":"pa_taille-xxl-en","25":"first","26":"instock","27":"shipping-taxable","28":"purchasable","29":"product-type-variable"},"yoast_head":"<!-- This site is optimized with the Yoast SEO plugin v27.5 - https:\/\/yoast.com\/product\/yoast-seo-wordpress\/ -->\n<title>Gilet pour homme doubl\u00e9 \/ 2 coloris<\/title>\n<meta name=\"description\" content=\"Simplement\u00a0tr\u00e8s beau et pour une chaleur s\u00fbre en toutes occasions!... La coupe\u00a0simple avec les poches incorpor\u00e9es et la fermeture-\u00e9clair font de cette veste une compagne fiable pour tous les \u00e9v\u00e8nements. Peut \u00eatre port\u00e9 comme veste ou semi-ferm\u00e9 avec chemise et cravate ou simplement ouvert pour une apparence d\u00e9contract\u00e9e.\u00a0Petit extra sympa: une doublure en coton\u00a0tr\u00e8s\u00a0doux pour une chaleur fiable m\u00eame par temps venteux!\u00a0Tricot\u00a0r\u00e9sistant en 100% Baby Alpaca\u00a0Doublure: 93% Coton 7% Polyamide\u00a0\" \/>\n<meta name=\"robots\" content=\"index, follow, max-snippet:-1, max-image-preview:large, max-video-preview:-1\" \/>\n<link rel=\"canonical\" href=\"https:\/\/alpagasdumaquis.be\/en\/produit\/gilet-pour-homme-double-2-coloris-2\/\" \/>\n<meta property=\"og:locale\" content=\"en_US\" \/>\n<meta property=\"og:type\" content=\"article\" \/>\n<meta property=\"og:title\" content=\"Gilet pour homme doubl\u00e9 \/ 2 coloris\" \/>\n<meta property=\"og:description\" content=\"Simplement\u00a0tr\u00e8s beau et pour une chaleur s\u00fbre en toutes occasions!... La coupe\u00a0simple avec les poches incorpor\u00e9es et la fermeture-\u00e9clair font de cette veste une compagne fiable pour tous les \u00e9v\u00e8nements. Peut \u00eatre port\u00e9 comme veste ou semi-ferm\u00e9 avec chemise et cravate ou simplement ouvert pour une apparence d\u00e9contract\u00e9e.\u00a0Petit extra sympa: une doublure en coton\u00a0tr\u00e8s\u00a0doux pour une chaleur fiable m\u00eame par temps venteux!\u00a0Tricot\u00a0r\u00e9sistant en 100% Baby Alpaca\u00a0Doublure: 93% Coton 7% Polyamide\u00a0\" \/>\n<meta property=\"og:url\" content=\"https:\/\/alpagasdumaquis.be\/en\/produit\/gilet-pour-homme-double-2-coloris-2\/\" \/>\n<meta property=\"og:site_name\" content=\"Alpagas du Maquis\" \/>\n<meta property=\"article:modified_time\" content=\"2023-04-25T13:16:10+00:00\" \/>\n<meta property=\"og:image\" content=\"https:\/\/alpagasdumaquis.be\/wp-content\/uploads\/2018\/10\/products-Gilet_homme_beau_alpaga_baby_1-1.jpg\" \/>\n\t<meta property=\"og:image:width\" content=\"1500\" \/>\n\t<meta property=\"og:image:height\" content=\"2275\" \/>\n\t<meta property=\"og:image:type\" content=\"image\/jpeg\" \/>\n<meta name=\"twitter:card\" content=\"summary_large_image\" \/>\n<script type=\"application\/ld+json\" class=\"yoast-schema-graph\">{\"@context\":\"https:\\\/\\\/schema.org\",\"@graph\":[{\"@type\":\"WebPage\",\"@id\":\"https:\\\/\\\/alpagasdumaquis.be\\\/en\\\/produit\\\/gilet-pour-homme-double-2-coloris-2\\\/\",\"url\":\"https:\\\/\\\/alpagasdumaquis.be\\\/en\\\/produit\\\/gilet-pour-homme-double-2-coloris-2\\\/\",\"name\":\"Gilet pour homme doubl\u00e9 \\\/ 2 coloris\",\"isPartOf\":{\"@id\":\"https:\\\/\\\/alpagasdumaquis.be\\\/#website\"},\"primaryImageOfPage\":{\"@id\":\"https:\\\/\\\/alpagasdumaquis.be\\\/en\\\/produit\\\/gilet-pour-homme-double-2-coloris-2\\\/#primaryimage\"},\"image\":{\"@id\":\"https:\\\/\\\/alpagasdumaquis.be\\\/en\\\/produit\\\/gilet-pour-homme-double-2-coloris-2\\\/#primaryimage\"},\"thumbnailUrl\":\"https:\\\/\\\/alpagasdumaquis.be\\\/wp-content\\\/uploads\\\/2018\\\/10\\\/products-Gilet_homme_beau_alpaga_baby_1-1.jpg\",\"datePublished\":\"2018-10-08T10:17:54+00:00\",\"dateModified\":\"2023-04-25T13:16:10+00:00\",\"description\":\"Simplement\u00a0tr\u00e8s beau et pour une chaleur s\u00fbre en toutes occasions!... La coupe\u00a0simple avec les poches incorpor\u00e9es et la fermeture-\u00e9clair font de cette veste une compagne fiable pour tous les \u00e9v\u00e8nements. Peut \u00eatre port\u00e9 comme veste ou semi-ferm\u00e9 avec chemise et cravate ou simplement ouvert pour une apparence d\u00e9contract\u00e9e.\u00a0Petit extra sympa: une doublure en coton\u00a0tr\u00e8s\u00a0doux pour une chaleur fiable m\u00eame par temps venteux!\u00a0Tricot\u00a0r\u00e9sistant en 100% Baby Alpaca\u00a0Doublure: 93% Coton 7% Polyamide\u00a0\",\"breadcrumb\":{\"@id\":\"https:\\\/\\\/alpagasdumaquis.be\\\/en\\\/produit\\\/gilet-pour-homme-double-2-coloris-2\\\/#breadcrumb\"},\"inLanguage\":\"en-US\",\"potentialAction\":[{\"@type\":\"ReadAction\",\"target\":[\"https:\\\/\\\/alpagasdumaquis.be\\\/en\\\/produit\\\/gilet-pour-homme-double-2-coloris-2\\\/\"]}]},{\"@type\":\"ImageObject\",\"inLanguage\":\"en-US\",\"@id\":\"https:\\\/\\\/alpagasdumaquis.be\\\/en\\\/produit\\\/gilet-pour-homme-double-2-coloris-2\\\/#primaryimage\",\"url\":\"https:\\\/\\\/alpagasdumaquis.be\\\/wp-content\\\/uploads\\\/2018\\\/10\\\/products-Gilet_homme_beau_alpaga_baby_1-1.jpg\",\"contentUrl\":\"https:\\\/\\\/alpagasdumaquis.be\\\/wp-content\\\/uploads\\\/2018\\\/10\\\/products-Gilet_homme_beau_alpaga_baby_1-1.jpg\",\"width\":1500,\"height\":2275,\"caption\":\"Gilet pour homme doubl\u00e9 \\\/ 2 coloris\"},{\"@type\":\"BreadcrumbList\",\"@id\":\"https:\\\/\\\/alpagasdumaquis.be\\\/en\\\/produit\\\/gilet-pour-homme-double-2-coloris-2\\\/#breadcrumb\",\"itemListElement\":[{\"@type\":\"ListItem\",\"position\":1,\"name\":\"Accueil\",\"item\":\"https:\\\/\\\/alpagasdumaquis.be\\\/en\\\/alpagas-du-maquis-alpaca-breeding-spinning-mill-shop\\\/\"},{\"@type\":\"ListItem\",\"position\":2,\"name\":\"origin &#8211; Boutique\",\"item\":\"https:\\\/\\\/alpagasdumaquis.be\\\/boutique-origin\\\/\"},{\"@type\":\"ListItem\",\"position\":3,\"name\":\"Gilet pour homme doubl\u00e9 \\\/ 2 coloris\"}]},{\"@type\":\"WebSite\",\"@id\":\"https:\\\/\\\/alpagasdumaquis.be\\\/#website\",\"url\":\"https:\\\/\\\/alpagasdumaquis.be\\\/\",\"name\":\"Alpagas du Maquis\",\"description\":\"Quality Alpagas &amp; Fiber Mill\",\"publisher\":{\"@id\":\"https:\\\/\\\/alpagasdumaquis.be\\\/#organization\"},\"potentialAction\":[{\"@type\":\"SearchAction\",\"target\":{\"@type\":\"EntryPoint\",\"urlTemplate\":\"https:\\\/\\\/alpagasdumaquis.be\\\/?s={search_term_string}\"},\"query-input\":{\"@type\":\"PropertyValueSpecification\",\"valueRequired\":true,\"valueName\":\"search_term_string\"}}],\"inLanguage\":\"en-US\"},{\"@type\":\"Organization\",\"@id\":\"https:\\\/\\\/alpagasdumaquis.be\\\/#organization\",\"name\":\"Alpagas du Maquis\",\"url\":\"https:\\\/\\\/alpagasdumaquis.be\\\/\",\"logo\":{\"@type\":\"ImageObject\",\"inLanguage\":\"en-US\",\"@id\":\"https:\\\/\\\/alpagasdumaquis.be\\\/#\\\/schema\\\/logo\\\/image\\\/\",\"url\":\"https:\\\/\\\/alpagasdumaquis.be\\\/wp-content\\\/uploads\\\/2023\\\/07\\\/alpagas-logo.76cc389.webp\",\"contentUrl\":\"https:\\\/\\\/alpagasdumaquis.be\\\/wp-content\\\/uploads\\\/2023\\\/07\\\/alpagas-logo.76cc389.webp\",\"width\":200,\"height\":200,\"caption\":\"Alpagas du Maquis\"},\"image\":{\"@id\":\"https:\\\/\\\/alpagasdumaquis.be\\\/#\\\/schema\\\/logo\\\/image\\\/\"}}]}<\/script>\n<!-- \/ Yoast SEO plugin. -->","yoast_head_json":{"title":"Gilet pour homme doubl\u00e9 \/ 2 coloris","description":"Simplement\u00a0tr\u00e8s beau et pour une chaleur s\u00fbre en toutes occasions!... La coupe\u00a0simple avec les poches incorpor\u00e9es et la fermeture-\u00e9clair font de cette veste une compagne fiable pour tous les \u00e9v\u00e8nements. Peut \u00eatre port\u00e9 comme veste ou semi-ferm\u00e9 avec chemise et cravate ou simplement ouvert pour une apparence d\u00e9contract\u00e9e.\u00a0Petit extra sympa: une doublure en coton\u00a0tr\u00e8s\u00a0doux pour une chaleur fiable m\u00eame par temps venteux!\u00a0Tricot\u00a0r\u00e9sistant en 100% Baby Alpaca\u00a0Doublure: 93% Coton 7% Polyamide\u00a0","robots":{"index":"index","follow":"follow","max-snippet":"max-snippet:-1","max-image-preview":"max-image-preview:large","max-video-preview":"max-video-preview:-1"},"canonical":"https:\/\/alpagasdumaquis.be\/en\/produit\/gilet-pour-homme-double-2-coloris-2\/","og_locale":"en_US","og_type":"article","og_title":"Gilet pour homme doubl\u00e9 \/ 2 coloris","og_description":"Simplement\u00a0tr\u00e8s beau et pour une chaleur s\u00fbre en toutes occasions!... La coupe\u00a0simple avec les poches incorpor\u00e9es et la fermeture-\u00e9clair font de cette veste une compagne fiable pour tous les \u00e9v\u00e8nements. Peut \u00eatre port\u00e9 comme veste ou semi-ferm\u00e9 avec chemise et cravate ou simplement ouvert pour une apparence d\u00e9contract\u00e9e.\u00a0Petit extra sympa: une doublure en coton\u00a0tr\u00e8s\u00a0doux pour une chaleur fiable m\u00eame par temps venteux!\u00a0Tricot\u00a0r\u00e9sistant en 100% Baby Alpaca\u00a0Doublure: 93% Coton 7% Polyamide\u00a0","og_url":"https:\/\/alpagasdumaquis.be\/en\/produit\/gilet-pour-homme-double-2-coloris-2\/","og_site_name":"Alpagas du Maquis","article_modified_time":"2023-04-25T13:16:10+00:00","og_image":[{"width":1500,"height":2275,"url":"https:\/\/alpagasdumaquis.be\/wp-content\/uploads\/2018\/10\/products-Gilet_homme_beau_alpaga_baby_1-1.jpg","type":"image\/jpeg"}],"twitter_card":"summary_large_image","schema":{"@context":"https:\/\/schema.org","@graph":[{"@type":"WebPage","@id":"https:\/\/alpagasdumaquis.be\/en\/produit\/gilet-pour-homme-double-2-coloris-2\/","url":"https:\/\/alpagasdumaquis.be\/en\/produit\/gilet-pour-homme-double-2-coloris-2\/","name":"Gilet pour homme doubl\u00e9 \/ 2 coloris","isPartOf":{"@id":"https:\/\/alpagasdumaquis.be\/#website"},"primaryImageOfPage":{"@id":"https:\/\/alpagasdumaquis.be\/en\/produit\/gilet-pour-homme-double-2-coloris-2\/#primaryimage"},"image":{"@id":"https:\/\/alpagasdumaquis.be\/en\/produit\/gilet-pour-homme-double-2-coloris-2\/#primaryimage"},"thumbnailUrl":"https:\/\/alpagasdumaquis.be\/wp-content\/uploads\/2018\/10\/products-Gilet_homme_beau_alpaga_baby_1-1.jpg","datePublished":"2018-10-08T10:17:54+00:00","dateModified":"2023-04-25T13:16:10+00:00","description":"Simplement\u00a0tr\u00e8s beau et pour une chaleur s\u00fbre en toutes occasions!... La coupe\u00a0simple avec les poches incorpor\u00e9es et la fermeture-\u00e9clair font de cette veste une compagne fiable pour tous les \u00e9v\u00e8nements. Peut \u00eatre port\u00e9 comme veste ou semi-ferm\u00e9 avec chemise et cravate ou simplement ouvert pour une apparence d\u00e9contract\u00e9e.\u00a0Petit extra sympa: une doublure en coton\u00a0tr\u00e8s\u00a0doux pour une chaleur fiable m\u00eame par temps venteux!\u00a0Tricot\u00a0r\u00e9sistant en 100% Baby Alpaca\u00a0Doublure: 93% Coton 7% Polyamide\u00a0","breadcrumb":{"@id":"https:\/\/alpagasdumaquis.be\/en\/produit\/gilet-pour-homme-double-2-coloris-2\/#breadcrumb"},"inLanguage":"en-US","potentialAction":[{"@type":"ReadAction","target":["https:\/\/alpagasdumaquis.be\/en\/produit\/gilet-pour-homme-double-2-coloris-2\/"]}]},{"@type":"ImageObject","inLanguage":"en-US","@id":"https:\/\/alpagasdumaquis.be\/en\/produit\/gilet-pour-homme-double-2-coloris-2\/#primaryimage","url":"https:\/\/alpagasdumaquis.be\/wp-content\/uploads\/2018\/10\/products-Gilet_homme_beau_alpaga_baby_1-1.jpg","contentUrl":"https:\/\/alpagasdumaquis.be\/wp-content\/uploads\/2018\/10\/products-Gilet_homme_beau_alpaga_baby_1-1.jpg","width":1500,"height":2275,"caption":"Gilet pour homme doubl\u00e9 \/ 2 coloris"},{"@type":"BreadcrumbList","@id":"https:\/\/alpagasdumaquis.be\/en\/produit\/gilet-pour-homme-double-2-coloris-2\/#breadcrumb","itemListElement":[{"@type":"ListItem","position":1,"name":"Accueil","item":"https:\/\/alpagasdumaquis.be\/en\/alpagas-du-maquis-alpaca-breeding-spinning-mill-shop\/"},{"@type":"ListItem","position":2,"name":"origin &#8211; Boutique","item":"https:\/\/alpagasdumaquis.be\/boutique-origin\/"},{"@type":"ListItem","position":3,"name":"Gilet pour homme doubl\u00e9 \/ 2 coloris"}]},{"@type":"WebSite","@id":"https:\/\/alpagasdumaquis.be\/#website","url":"https:\/\/alpagasdumaquis.be\/","name":"Alpagas du Maquis","description":"Quality Alpagas &amp; Fiber Mill","publisher":{"@id":"https:\/\/alpagasdumaquis.be\/#organization"},"potentialAction":[{"@type":"SearchAction","target":{"@type":"EntryPoint","urlTemplate":"https:\/\/alpagasdumaquis.be\/?s={search_term_string}"},"query-input":{"@type":"PropertyValueSpecification","valueRequired":true,"valueName":"search_term_string"}}],"inLanguage":"en-US"},{"@type":"Organization","@id":"https:\/\/alpagasdumaquis.be\/#organization","name":"Alpagas du Maquis","url":"https:\/\/alpagasdumaquis.be\/","logo":{"@type":"ImageObject","inLanguage":"en-US","@id":"https:\/\/alpagasdumaquis.be\/#\/schema\/logo\/image\/","url":"https:\/\/alpagasdumaquis.be\/wp-content\/uploads\/2023\/07\/alpagas-logo.76cc389.webp","contentUrl":"https:\/\/alpagasdumaquis.be\/wp-content\/uploads\/2023\/07\/alpagas-logo.76cc389.webp","width":200,"height":200,"caption":"Alpagas du Maquis"},"image":{"@id":"https:\/\/alpagasdumaquis.be\/#\/schema\/logo\/image\/"}}]}},"jetpack_sharing_enabled":true,"_links":{"self":[{"href":"https:\/\/alpagasdumaquis.be\/en\/wp-json\/wp\/v2\/product\/1833","targetHints":{"allow":["GET"]}}],"collection":[{"href":"https:\/\/alpagasdumaquis.be\/en\/wp-json\/wp\/v2\/product"}],"about":[{"href":"https:\/\/alpagasdumaquis.be\/en\/wp-json\/wp\/v2\/types\/product"}],"replies":[{"embeddable":true,"href":"https:\/\/alpagasdumaquis.be\/en\/wp-json\/wp\/v2\/comments?post=1833"}],"version-history":[{"count":0,"href":"https:\/\/alpagasdumaquis.be\/en\/wp-json\/wp\/v2\/product\/1833\/revisions"}],"wp:featuredmedia":[{"embeddable":true,"href":"https:\/\/alpagasdumaquis.be\/en\/wp-json\/wp\/v2\/media\/1835"}],"wp:attachment":[{"href":"https:\/\/alpagasdumaquis.be\/en\/wp-json\/wp\/v2\/media?parent=1833"}],"wp:term":[{"taxonomy":"product_brand","embeddable":true,"href":"https:\/\/alpagasdumaquis.be\/en\/wp-json\/wp\/v2\/product_brand?post=1833"},{"taxonomy":"product_cat","embeddable":true,"href":"https:\/\/alpagasdumaquis.be\/en\/wp-json\/wp\/v2\/product_cat?post=1833"},{"taxonomy":"product_tag","embeddable":true,"href":"https:\/\/alpagasdumaquis.be\/en\/wp-json\/wp\/v2\/product_tag?post=1833"}],"curies":[{"name":"wp","href":"https:\/\/api.w.org\/{rel}","templated":true}]}}