{"id":1976,"date":"2018-12-26T08:33:38","date_gmt":"2018-12-26T08:33:38","guid":{"rendered":"https:\/\/alpagasmaquis.be\/?post_type=product&#038;p=1976"},"modified":"2023-07-27T14:54:08","modified_gmt":"2023-07-27T14:54:08","slug":"plaid-couverture-motif-chevrons-3-variantes-2","status":"publish","type":"product","link":"https:\/\/alpagasdumaquis.be\/en\/produit\/plaid-couverture-motif-chevrons-3-variantes-2\/","title":{"rendered":"Plaid couverture motif chevrons &#8211; 3 variantes"},"content":{"rendered":"<p>Un couvre-lit en alpaga que vous appr\u00e9cierez pendant des d\u00e9cennies! &#8230;<br \/>Les plaids en baby alpaca sont tr\u00e8s pratiques \u00e0 la fois par temps froid et par temps chaud car ils r\u00e9chauffent id\u00e9alement tout en compensant la temp\u00e9rature gr\u00e2ce \u00e0\u00a0leurs fibres creuses.<br \/>Avec son motif \u00e0 chevrons tr\u00e8s \u00e9l\u00e9gant et en couleurs naturelles, des franges torsad\u00e9es d&#8217;environ 8cm, il\u00a0convient \u00e9galement comme plaid de voyage.<\/p>\n<p>Dimensions: 196 \/ 180x135cm (avec \/ sans franges)<br \/>Poids: 500 g<\/p>\n<p>Mat\u00e9riau: 100% baby alpaca<\/p>\n","protected":false},"excerpt":{"rendered":"<p>Un couvre-lit en alpaga que vous appr\u00e9cierez pendant des d\u00e9cennies! &#8230;Les plaids en baby alpaca sont tr\u00e8s pratiques \u00e0 la fois par temps froid et par temps chaud car ils r\u00e9chauffent id\u00e9alement tout en compensant la temp\u00e9rature gr\u00e2ce \u00e0\u00a0leurs fibres creuses.Avec son motif \u00e0 chevrons tr\u00e8s \u00e9l\u00e9gant et en couleurs naturelles, des franges torsad\u00e9es d&#8217;environ [&hellip;]<\/p>\n","protected":false},"featured_media":1983,"comment_status":"open","ping_status":"closed","template":"","meta":[],"product_brand":[58],"product_cat":[53],"product_tag":[67,69,70,83,84,128,129,219],"class_list":{"0":"post-1976","1":"product","2":"type-product","3":"status-publish","4":"has-post-thumbnail","6":"product_brand-apu-kuntur","7":"product_cat-peru-s-envelopper-cocooner-2","8":"product_tag-alpaca","9":"product_tag-alpaga","10":"product_tag-baby-alpaca","11":"product_tag-blanket","12":"product_tag-couverture","13":"product_tag-etole","14":"product_tag-etole-alpaga","15":"product_tag-plaid","16":"pa_couleur-anthracite-en","17":"pa_couleur-beige-en","18":"pa_couleur-gris-en","20":"first","21":"instock","22":"shipping-taxable","23":"purchasable","24":"product-type-variable"},"yoast_head":"<!-- This site is optimized with the Yoast SEO plugin v27.5 - https:\/\/yoast.com\/product\/yoast-seo-wordpress\/ -->\n<title>Plaid couverture motif chevrons - 3 variantes<\/title>\n<meta name=\"description\" content=\"Un couvre-lit en alpaga que vous appr\u00e9cierez pendant des d\u00e9cennies! ...Les plaids en baby alpaca sont tr\u00e8s pratiques \u00e0 la fois par temps froid et par temps chaud car ils r\u00e9chauffent id\u00e9alement tout en compensant la temp\u00e9rature gr\u00e2ce \u00e0\u00a0leurs fibres creuses.Avec son motif \u00e0 chevrons tr\u00e8s \u00e9l\u00e9gant et en couleurs naturelles, des franges torsad\u00e9es d&#039;environ 8cm, il\u00a0convient \u00e9galement comme plaid de voyage. Dimensions: 196 \/ 180x135cm (avec \/ sans franges)Poids: 500 gMat\u00e9riau: 100% baby alpaca\" \/>\n<meta name=\"robots\" content=\"index, follow, max-snippet:-1, max-image-preview:large, max-video-preview:-1\" \/>\n<link rel=\"canonical\" href=\"https:\/\/alpagasdumaquis.be\/produit\/plaid-couverture-motif-chevrons-3-variantes\/\" \/>\n<meta property=\"og:locale\" content=\"en_US\" \/>\n<meta property=\"og:type\" content=\"article\" \/>\n<meta property=\"og:title\" content=\"Plaid couverture motif chevrons - 3 variantes\" \/>\n<meta property=\"og:description\" content=\"Un couvre-lit en alpaga que vous appr\u00e9cierez pendant des d\u00e9cennies! ...Les plaids en baby alpaca sont tr\u00e8s pratiques \u00e0 la fois par temps froid et par temps chaud car ils r\u00e9chauffent id\u00e9alement tout en compensant la temp\u00e9rature gr\u00e2ce \u00e0\u00a0leurs fibres creuses.Avec son motif \u00e0 chevrons tr\u00e8s \u00e9l\u00e9gant et en couleurs naturelles, des franges torsad\u00e9es d&#039;environ 8cm, il\u00a0convient \u00e9galement comme plaid de voyage. Dimensions: 196 \/ 180x135cm (avec \/ sans franges)Poids: 500 gMat\u00e9riau: 100% baby alpaca\" \/>\n<meta property=\"og:url\" content=\"https:\/\/alpagasdumaquis.be\/produit\/plaid-couverture-motif-chevrons-3-variantes\/\" \/>\n<meta property=\"og:site_name\" content=\"Alpagas du Maquis\" \/>\n<meta property=\"article:modified_time\" content=\"2023-07-27T14:54:08+00:00\" \/>\n<meta property=\"og:image\" content=\"https:\/\/alpagasdumaquis.be\/wp-content\/uploads\/2022\/10\/products-alpaka-tages-decke-fischgrat-aus-100-baby-alpaka-1.jpg\" \/>\n\t<meta property=\"og:image:width\" content=\"1500\" \/>\n\t<meta property=\"og:image:height\" content=\"2275\" \/>\n\t<meta property=\"og:image:type\" content=\"image\/jpeg\" \/>\n<meta name=\"twitter:card\" content=\"summary_large_image\" \/>\n<script type=\"application\/ld+json\" class=\"yoast-schema-graph\">{\"@context\":\"https:\\\/\\\/schema.org\",\"@graph\":[{\"@type\":\"WebPage\",\"@id\":\"https:\\\/\\\/alpagasdumaquis.be\\\/produit\\\/plaid-couverture-motif-chevrons-3-variantes\\\/\",\"url\":\"https:\\\/\\\/alpagasdumaquis.be\\\/produit\\\/plaid-couverture-motif-chevrons-3-variantes\\\/\",\"name\":\"Plaid couverture motif chevrons - 3 variantes\",\"isPartOf\":{\"@id\":\"https:\\\/\\\/alpagasdumaquis.be\\\/#website\"},\"primaryImageOfPage\":{\"@id\":\"https:\\\/\\\/alpagasdumaquis.be\\\/produit\\\/plaid-couverture-motif-chevrons-3-variantes\\\/#primaryimage\"},\"image\":{\"@id\":\"https:\\\/\\\/alpagasdumaquis.be\\\/produit\\\/plaid-couverture-motif-chevrons-3-variantes\\\/#primaryimage\"},\"thumbnailUrl\":\"https:\\\/\\\/alpagasdumaquis.be\\\/wp-content\\\/uploads\\\/2022\\\/10\\\/products-alpaka-tages-decke-fischgrat-aus-100-baby-alpaka-1.jpg\",\"datePublished\":\"2018-12-26T08:33:38+00:00\",\"dateModified\":\"2023-07-27T14:54:08+00:00\",\"description\":\"Un couvre-lit en alpaga que vous appr\u00e9cierez pendant des d\u00e9cennies! ...Les plaids en baby alpaca sont tr\u00e8s pratiques \u00e0 la fois par temps froid et par temps chaud car ils r\u00e9chauffent id\u00e9alement tout en compensant la temp\u00e9rature gr\u00e2ce \u00e0\u00a0leurs fibres creuses.Avec son motif \u00e0 chevrons tr\u00e8s \u00e9l\u00e9gant et en couleurs naturelles, des franges torsad\u00e9es d'environ 8cm, il\u00a0convient \u00e9galement comme plaid de voyage. Dimensions: 196 \\\/ 180x135cm (avec \\\/ sans franges)Poids: 500 gMat\u00e9riau: 100% baby alpaca\",\"breadcrumb\":{\"@id\":\"https:\\\/\\\/alpagasdumaquis.be\\\/produit\\\/plaid-couverture-motif-chevrons-3-variantes\\\/#breadcrumb\"},\"inLanguage\":\"en-US\",\"potentialAction\":[{\"@type\":\"ReadAction\",\"target\":[\"https:\\\/\\\/alpagasdumaquis.be\\\/produit\\\/plaid-couverture-motif-chevrons-3-variantes\\\/\"]}]},{\"@type\":\"ImageObject\",\"inLanguage\":\"en-US\",\"@id\":\"https:\\\/\\\/alpagasdumaquis.be\\\/produit\\\/plaid-couverture-motif-chevrons-3-variantes\\\/#primaryimage\",\"url\":\"https:\\\/\\\/alpagasdumaquis.be\\\/wp-content\\\/uploads\\\/2022\\\/10\\\/products-alpaka-tages-decke-fischgrat-aus-100-baby-alpaka-1.jpg\",\"contentUrl\":\"https:\\\/\\\/alpagasdumaquis.be\\\/wp-content\\\/uploads\\\/2022\\\/10\\\/products-alpaka-tages-decke-fischgrat-aus-100-baby-alpaka-1.jpg\",\"width\":1500,\"height\":2275,\"caption\":\"Plaid couverture motif chevrons - 3 variantes\"},{\"@type\":\"BreadcrumbList\",\"@id\":\"https:\\\/\\\/alpagasdumaquis.be\\\/produit\\\/plaid-couverture-motif-chevrons-3-variantes\\\/#breadcrumb\",\"itemListElement\":[{\"@type\":\"ListItem\",\"position\":1,\"name\":\"Accueil\",\"item\":\"https:\\\/\\\/alpagasdumaquis.be\\\/en\\\/alpagas-du-maquis-alpaca-breeding-spinning-mill-shop\\\/\"},{\"@type\":\"ListItem\",\"position\":2,\"name\":\"origin &#8211; Boutique\",\"item\":\"https:\\\/\\\/alpagasdumaquis.be\\\/boutique-origin\\\/\"},{\"@type\":\"ListItem\",\"position\":3,\"name\":\"Plaid couverture motif chevrons &#8211; 3 variantes\"}]},{\"@type\":\"WebSite\",\"@id\":\"https:\\\/\\\/alpagasdumaquis.be\\\/#website\",\"url\":\"https:\\\/\\\/alpagasdumaquis.be\\\/\",\"name\":\"Alpagas du Maquis\",\"description\":\"Quality Alpagas &amp; Fiber Mill\",\"publisher\":{\"@id\":\"https:\\\/\\\/alpagasdumaquis.be\\\/#organization\"},\"potentialAction\":[{\"@type\":\"SearchAction\",\"target\":{\"@type\":\"EntryPoint\",\"urlTemplate\":\"https:\\\/\\\/alpagasdumaquis.be\\\/?s={search_term_string}\"},\"query-input\":{\"@type\":\"PropertyValueSpecification\",\"valueRequired\":true,\"valueName\":\"search_term_string\"}}],\"inLanguage\":\"en-US\"},{\"@type\":\"Organization\",\"@id\":\"https:\\\/\\\/alpagasdumaquis.be\\\/#organization\",\"name\":\"Alpagas du Maquis\",\"url\":\"https:\\\/\\\/alpagasdumaquis.be\\\/\",\"logo\":{\"@type\":\"ImageObject\",\"inLanguage\":\"en-US\",\"@id\":\"https:\\\/\\\/alpagasdumaquis.be\\\/#\\\/schema\\\/logo\\\/image\\\/\",\"url\":\"https:\\\/\\\/alpagasdumaquis.be\\\/wp-content\\\/uploads\\\/2023\\\/07\\\/alpagas-logo.76cc389.webp\",\"contentUrl\":\"https:\\\/\\\/alpagasdumaquis.be\\\/wp-content\\\/uploads\\\/2023\\\/07\\\/alpagas-logo.76cc389.webp\",\"width\":200,\"height\":200,\"caption\":\"Alpagas du Maquis\"},\"image\":{\"@id\":\"https:\\\/\\\/alpagasdumaquis.be\\\/#\\\/schema\\\/logo\\\/image\\\/\"}}]}<\/script>\n<!-- \/ Yoast SEO plugin. -->","yoast_head_json":{"title":"Plaid couverture motif chevrons - 3 variantes","description":"Un couvre-lit en alpaga que vous appr\u00e9cierez pendant des d\u00e9cennies! ...Les plaids en baby alpaca sont tr\u00e8s pratiques \u00e0 la fois par temps froid et par temps chaud car ils r\u00e9chauffent id\u00e9alement tout en compensant la temp\u00e9rature gr\u00e2ce \u00e0\u00a0leurs fibres creuses.Avec son motif \u00e0 chevrons tr\u00e8s \u00e9l\u00e9gant et en couleurs naturelles, des franges torsad\u00e9es d'environ 8cm, il\u00a0convient \u00e9galement comme plaid de voyage. Dimensions: 196 \/ 180x135cm (avec \/ sans franges)Poids: 500 gMat\u00e9riau: 100% baby alpaca","robots":{"index":"index","follow":"follow","max-snippet":"max-snippet:-1","max-image-preview":"max-image-preview:large","max-video-preview":"max-video-preview:-1"},"canonical":"https:\/\/alpagasdumaquis.be\/produit\/plaid-couverture-motif-chevrons-3-variantes\/","og_locale":"en_US","og_type":"article","og_title":"Plaid couverture motif chevrons - 3 variantes","og_description":"Un couvre-lit en alpaga que vous appr\u00e9cierez pendant des d\u00e9cennies! ...Les plaids en baby alpaca sont tr\u00e8s pratiques \u00e0 la fois par temps froid et par temps chaud car ils r\u00e9chauffent id\u00e9alement tout en compensant la temp\u00e9rature gr\u00e2ce \u00e0\u00a0leurs fibres creuses.Avec son motif \u00e0 chevrons tr\u00e8s \u00e9l\u00e9gant et en couleurs naturelles, des franges torsad\u00e9es d'environ 8cm, il\u00a0convient \u00e9galement comme plaid de voyage. Dimensions: 196 \/ 180x135cm (avec \/ sans franges)Poids: 500 gMat\u00e9riau: 100% baby alpaca","og_url":"https:\/\/alpagasdumaquis.be\/produit\/plaid-couverture-motif-chevrons-3-variantes\/","og_site_name":"Alpagas du Maquis","article_modified_time":"2023-07-27T14:54:08+00:00","og_image":[{"width":1500,"height":2275,"url":"https:\/\/alpagasdumaquis.be\/wp-content\/uploads\/2022\/10\/products-alpaka-tages-decke-fischgrat-aus-100-baby-alpaka-1.jpg","type":"image\/jpeg"}],"twitter_card":"summary_large_image","schema":{"@context":"https:\/\/schema.org","@graph":[{"@type":"WebPage","@id":"https:\/\/alpagasdumaquis.be\/produit\/plaid-couverture-motif-chevrons-3-variantes\/","url":"https:\/\/alpagasdumaquis.be\/produit\/plaid-couverture-motif-chevrons-3-variantes\/","name":"Plaid couverture motif chevrons - 3 variantes","isPartOf":{"@id":"https:\/\/alpagasdumaquis.be\/#website"},"primaryImageOfPage":{"@id":"https:\/\/alpagasdumaquis.be\/produit\/plaid-couverture-motif-chevrons-3-variantes\/#primaryimage"},"image":{"@id":"https:\/\/alpagasdumaquis.be\/produit\/plaid-couverture-motif-chevrons-3-variantes\/#primaryimage"},"thumbnailUrl":"https:\/\/alpagasdumaquis.be\/wp-content\/uploads\/2022\/10\/products-alpaka-tages-decke-fischgrat-aus-100-baby-alpaka-1.jpg","datePublished":"2018-12-26T08:33:38+00:00","dateModified":"2023-07-27T14:54:08+00:00","description":"Un couvre-lit en alpaga que vous appr\u00e9cierez pendant des d\u00e9cennies! ...Les plaids en baby alpaca sont tr\u00e8s pratiques \u00e0 la fois par temps froid et par temps chaud car ils r\u00e9chauffent id\u00e9alement tout en compensant la temp\u00e9rature gr\u00e2ce \u00e0\u00a0leurs fibres creuses.Avec son motif \u00e0 chevrons tr\u00e8s \u00e9l\u00e9gant et en couleurs naturelles, des franges torsad\u00e9es d'environ 8cm, il\u00a0convient \u00e9galement comme plaid de voyage. Dimensions: 196 \/ 180x135cm (avec \/ sans franges)Poids: 500 gMat\u00e9riau: 100% baby alpaca","breadcrumb":{"@id":"https:\/\/alpagasdumaquis.be\/produit\/plaid-couverture-motif-chevrons-3-variantes\/#breadcrumb"},"inLanguage":"en-US","potentialAction":[{"@type":"ReadAction","target":["https:\/\/alpagasdumaquis.be\/produit\/plaid-couverture-motif-chevrons-3-variantes\/"]}]},{"@type":"ImageObject","inLanguage":"en-US","@id":"https:\/\/alpagasdumaquis.be\/produit\/plaid-couverture-motif-chevrons-3-variantes\/#primaryimage","url":"https:\/\/alpagasdumaquis.be\/wp-content\/uploads\/2022\/10\/products-alpaka-tages-decke-fischgrat-aus-100-baby-alpaka-1.jpg","contentUrl":"https:\/\/alpagasdumaquis.be\/wp-content\/uploads\/2022\/10\/products-alpaka-tages-decke-fischgrat-aus-100-baby-alpaka-1.jpg","width":1500,"height":2275,"caption":"Plaid couverture motif chevrons - 3 variantes"},{"@type":"BreadcrumbList","@id":"https:\/\/alpagasdumaquis.be\/produit\/plaid-couverture-motif-chevrons-3-variantes\/#breadcrumb","itemListElement":[{"@type":"ListItem","position":1,"name":"Accueil","item":"https:\/\/alpagasdumaquis.be\/en\/alpagas-du-maquis-alpaca-breeding-spinning-mill-shop\/"},{"@type":"ListItem","position":2,"name":"origin &#8211; Boutique","item":"https:\/\/alpagasdumaquis.be\/boutique-origin\/"},{"@type":"ListItem","position":3,"name":"Plaid couverture motif chevrons &#8211; 3 variantes"}]},{"@type":"WebSite","@id":"https:\/\/alpagasdumaquis.be\/#website","url":"https:\/\/alpagasdumaquis.be\/","name":"Alpagas du Maquis","description":"Quality Alpagas &amp; Fiber Mill","publisher":{"@id":"https:\/\/alpagasdumaquis.be\/#organization"},"potentialAction":[{"@type":"SearchAction","target":{"@type":"EntryPoint","urlTemplate":"https:\/\/alpagasdumaquis.be\/?s={search_term_string}"},"query-input":{"@type":"PropertyValueSpecification","valueRequired":true,"valueName":"search_term_string"}}],"inLanguage":"en-US"},{"@type":"Organization","@id":"https:\/\/alpagasdumaquis.be\/#organization","name":"Alpagas du Maquis","url":"https:\/\/alpagasdumaquis.be\/","logo":{"@type":"ImageObject","inLanguage":"en-US","@id":"https:\/\/alpagasdumaquis.be\/#\/schema\/logo\/image\/","url":"https:\/\/alpagasdumaquis.be\/wp-content\/uploads\/2023\/07\/alpagas-logo.76cc389.webp","contentUrl":"https:\/\/alpagasdumaquis.be\/wp-content\/uploads\/2023\/07\/alpagas-logo.76cc389.webp","width":200,"height":200,"caption":"Alpagas du Maquis"},"image":{"@id":"https:\/\/alpagasdumaquis.be\/#\/schema\/logo\/image\/"}}]}},"jetpack_sharing_enabled":true,"_links":{"self":[{"href":"https:\/\/alpagasdumaquis.be\/en\/wp-json\/wp\/v2\/product\/1976","targetHints":{"allow":["GET"]}}],"collection":[{"href":"https:\/\/alpagasdumaquis.be\/en\/wp-json\/wp\/v2\/product"}],"about":[{"href":"https:\/\/alpagasdumaquis.be\/en\/wp-json\/wp\/v2\/types\/product"}],"replies":[{"embeddable":true,"href":"https:\/\/alpagasdumaquis.be\/en\/wp-json\/wp\/v2\/comments?post=1976"}],"version-history":[{"count":0,"href":"https:\/\/alpagasdumaquis.be\/en\/wp-json\/wp\/v2\/product\/1976\/revisions"}],"wp:featuredmedia":[{"embeddable":true,"href":"https:\/\/alpagasdumaquis.be\/en\/wp-json\/wp\/v2\/media\/1983"}],"wp:attachment":[{"href":"https:\/\/alpagasdumaquis.be\/en\/wp-json\/wp\/v2\/media?parent=1976"}],"wp:term":[{"taxonomy":"product_brand","embeddable":true,"href":"https:\/\/alpagasdumaquis.be\/en\/wp-json\/wp\/v2\/product_brand?post=1976"},{"taxonomy":"product_cat","embeddable":true,"href":"https:\/\/alpagasdumaquis.be\/en\/wp-json\/wp\/v2\/product_cat?post=1976"},{"taxonomy":"product_tag","embeddable":true,"href":"https:\/\/alpagasdumaquis.be\/en\/wp-json\/wp\/v2\/product_tag?post=1976"}],"curies":[{"name":"wp","href":"https:\/\/api.w.org\/{rel}","templated":true}]}}