{"id":3189,"date":"2022-10-21T11:14:21","date_gmt":"2022-10-21T11:14:21","guid":{"rendered":"https:\/\/alpagasmaquis.be\/?post_type=product&#038;p=3189"},"modified":"2023-07-26T15:29:23","modified_gmt":"2023-07-26T15:29:23","slug":"beret-en-feutre-d-alpaga-2-coloris-au-choix-2","status":"publish","type":"product","link":"https:\/\/alpagasdumaquis.be\/en\/produit\/beret-en-feutre-d-alpaga-2-coloris-au-choix-2\/","title":{"rendered":"B\u00e9ret en feutre d&#8217;alpaga &#8211; 2 coloris au choix"},"content":{"rendered":"<p><meta charset=\"utf-8\"><meta charset=\"utf-8\"><\/p>\n<p>Le couvre-chef est de retour en force et cela n&#8217;exclut pas ce b\u00e9ret finement travaill\u00e9 dans une forme fran\u00e7aise simple avec son petit logo en cuir.<br data-mce-fragment=\"1\">Propos\u00e9 dans des coloris intemporels, vous pourrez \u00e9galement associer ce b\u00e9ret en alpaga \u00e0 un look casual.<br data-mce-fragment=\"1\"><br data-mce-fragment=\"1\">Mati\u00e8re : 100% alpaga<\/p>\n","protected":false},"excerpt":{"rendered":"<p>Le couvre-chef est de retour en force et cela n&#8217;exclut pas ce b\u00e9ret finement travaill\u00e9 dans une forme fran\u00e7aise simple avec son petit logo en cuir.Propos\u00e9 dans des coloris intemporels, vous pourrez \u00e9galement associer ce b\u00e9ret en alpaga \u00e0 un look casual.Mati\u00e8re : 100% alpaga<\/p>\n","protected":false},"featured_media":3194,"comment_status":"open","ping_status":"open","template":"","meta":[],"product_brand":[58],"product_cat":[49],"product_tag":[67,204,154,69,70,205,155,156,254,262],"class_list":{"0":"post-3189","1":"product","2":"type-product","3":"status-publish","4":"has-post-thumbnail","6":"product_brand-apu-kuntur","7":"product_cat-peru-tete-cou-bien-proteges-2","8":"product_tag-alpaca","9":"product_tag-alpaca-beret","10":"product_tag-alpaca-hat","11":"product_tag-alpaga","12":"product_tag-baby-alpaca","13":"product_tag-beret","14":"product_tag-bonnet","15":"product_tag-bonnet-alpaga","16":"product_tag-chapeau","17":"product_tag-hat","18":"pa_couleur-noir-en","19":"pa_couleur-sable-en","21":"first","22":"instock","23":"shipping-taxable","24":"purchasable","25":"product-type-variable"},"yoast_head":"<!-- This site is optimized with the Yoast SEO plugin v27.5 - https:\/\/yoast.com\/product\/yoast-seo-wordpress\/ -->\n<title>B\u00e9ret en feutre d&#039;alpaga - 2 coloris au choix<\/title>\n<meta name=\"description\" content=\"Le couvre-chef est de retour en force et cela n&#039;exclut pas ce b\u00e9ret finement travaill\u00e9 dans une forme fran\u00e7aise simple avec son petit logo en cuir.Propos\u00e9 dans des coloris intemporels, vous pourrez \u00e9galement associer ce b\u00e9ret en alpaga \u00e0 un look casual.Mati\u00e8re : 100% alpaga\" \/>\n<meta name=\"robots\" content=\"index, follow, max-snippet:-1, max-image-preview:large, max-video-preview:-1\" \/>\n<link rel=\"canonical\" href=\"https:\/\/alpagasdumaquis.be\/produit\/beret-en-feutre-d-alpaga-2-coloris-au-choix\/\" \/>\n<meta property=\"og:locale\" content=\"en_US\" \/>\n<meta property=\"og:type\" content=\"article\" \/>\n<meta property=\"og:title\" content=\"B\u00e9ret en feutre d&#039;alpaga - 2 coloris au choix\" \/>\n<meta property=\"og:description\" content=\"Le couvre-chef est de retour en force et cela n&#039;exclut pas ce b\u00e9ret finement travaill\u00e9 dans une forme fran\u00e7aise simple avec son petit logo en cuir.Propos\u00e9 dans des coloris intemporels, vous pourrez \u00e9galement associer ce b\u00e9ret en alpaga \u00e0 un look casual.Mati\u00e8re : 100% alpaga\" \/>\n<meta property=\"og:url\" content=\"https:\/\/alpagasdumaquis.be\/produit\/beret-en-feutre-d-alpaga-2-coloris-au-choix\/\" \/>\n<meta property=\"og:site_name\" content=\"Alpagas du Maquis\" \/>\n<meta property=\"article:modified_time\" content=\"2023-07-26T15:29:23+00:00\" \/>\n<meta property=\"og:image\" content=\"https:\/\/alpagasdumaquis.be\/wp-content\/uploads\/2022\/10\/products-3alpaka-baskenmtze-beret-aus-100-alpaka-1.jpg\" \/>\n\t<meta property=\"og:image:width\" content=\"527\" \/>\n\t<meta property=\"og:image:height\" content=\"800\" \/>\n\t<meta property=\"og:image:type\" content=\"image\/jpeg\" \/>\n<meta name=\"twitter:card\" content=\"summary_large_image\" \/>\n<script type=\"application\/ld+json\" class=\"yoast-schema-graph\">{\"@context\":\"https:\\\/\\\/schema.org\",\"@graph\":[{\"@type\":\"WebPage\",\"@id\":\"https:\\\/\\\/alpagasdumaquis.be\\\/produit\\\/beret-en-feutre-d-alpaga-2-coloris-au-choix\\\/\",\"url\":\"https:\\\/\\\/alpagasdumaquis.be\\\/produit\\\/beret-en-feutre-d-alpaga-2-coloris-au-choix\\\/\",\"name\":\"B\u00e9ret en feutre d'alpaga - 2 coloris au choix\",\"isPartOf\":{\"@id\":\"https:\\\/\\\/alpagasdumaquis.be\\\/#website\"},\"primaryImageOfPage\":{\"@id\":\"https:\\\/\\\/alpagasdumaquis.be\\\/produit\\\/beret-en-feutre-d-alpaga-2-coloris-au-choix\\\/#primaryimage\"},\"image\":{\"@id\":\"https:\\\/\\\/alpagasdumaquis.be\\\/produit\\\/beret-en-feutre-d-alpaga-2-coloris-au-choix\\\/#primaryimage\"},\"thumbnailUrl\":\"https:\\\/\\\/alpagasdumaquis.be\\\/wp-content\\\/uploads\\\/2022\\\/10\\\/products-3alpaka-baskenmtze-beret-aus-100-alpaka-1.jpg\",\"datePublished\":\"2022-10-21T11:14:21+00:00\",\"dateModified\":\"2023-07-26T15:29:23+00:00\",\"description\":\"Le couvre-chef est de retour en force et cela n'exclut pas ce b\u00e9ret finement travaill\u00e9 dans une forme fran\u00e7aise simple avec son petit logo en cuir.Propos\u00e9 dans des coloris intemporels, vous pourrez \u00e9galement associer ce b\u00e9ret en alpaga \u00e0 un look casual.Mati\u00e8re : 100% alpaga\",\"breadcrumb\":{\"@id\":\"https:\\\/\\\/alpagasdumaquis.be\\\/produit\\\/beret-en-feutre-d-alpaga-2-coloris-au-choix\\\/#breadcrumb\"},\"inLanguage\":\"en-US\",\"potentialAction\":[{\"@type\":\"ReadAction\",\"target\":[\"https:\\\/\\\/alpagasdumaquis.be\\\/produit\\\/beret-en-feutre-d-alpaga-2-coloris-au-choix\\\/\"]}]},{\"@type\":\"ImageObject\",\"inLanguage\":\"en-US\",\"@id\":\"https:\\\/\\\/alpagasdumaquis.be\\\/produit\\\/beret-en-feutre-d-alpaga-2-coloris-au-choix\\\/#primaryimage\",\"url\":\"https:\\\/\\\/alpagasdumaquis.be\\\/wp-content\\\/uploads\\\/2022\\\/10\\\/products-3alpaka-baskenmtze-beret-aus-100-alpaka-1.jpg\",\"contentUrl\":\"https:\\\/\\\/alpagasdumaquis.be\\\/wp-content\\\/uploads\\\/2022\\\/10\\\/products-3alpaka-baskenmtze-beret-aus-100-alpaka-1.jpg\",\"width\":527,\"height\":800,\"caption\":\"B\u00e9ret en feutre d'alpaga - 2 coloris au choix\"},{\"@type\":\"BreadcrumbList\",\"@id\":\"https:\\\/\\\/alpagasdumaquis.be\\\/produit\\\/beret-en-feutre-d-alpaga-2-coloris-au-choix\\\/#breadcrumb\",\"itemListElement\":[{\"@type\":\"ListItem\",\"position\":1,\"name\":\"Accueil\",\"item\":\"https:\\\/\\\/alpagasdumaquis.be\\\/en\\\/alpagas-du-maquis-alpaca-breeding-spinning-mill-shop\\\/\"},{\"@type\":\"ListItem\",\"position\":2,\"name\":\"origin &#8211; Boutique\",\"item\":\"https:\\\/\\\/alpagasdumaquis.be\\\/boutique-origin\\\/\"},{\"@type\":\"ListItem\",\"position\":3,\"name\":\"B\u00e9ret en feutre d&#8217;alpaga &#8211; 2 coloris au choix\"}]},{\"@type\":\"WebSite\",\"@id\":\"https:\\\/\\\/alpagasdumaquis.be\\\/#website\",\"url\":\"https:\\\/\\\/alpagasdumaquis.be\\\/\",\"name\":\"Alpagas du Maquis\",\"description\":\"Quality Alpagas &amp; Fiber Mill\",\"publisher\":{\"@id\":\"https:\\\/\\\/alpagasdumaquis.be\\\/#organization\"},\"potentialAction\":[{\"@type\":\"SearchAction\",\"target\":{\"@type\":\"EntryPoint\",\"urlTemplate\":\"https:\\\/\\\/alpagasdumaquis.be\\\/?s={search_term_string}\"},\"query-input\":{\"@type\":\"PropertyValueSpecification\",\"valueRequired\":true,\"valueName\":\"search_term_string\"}}],\"inLanguage\":\"en-US\"},{\"@type\":\"Organization\",\"@id\":\"https:\\\/\\\/alpagasdumaquis.be\\\/#organization\",\"name\":\"Alpagas du Maquis\",\"url\":\"https:\\\/\\\/alpagasdumaquis.be\\\/\",\"logo\":{\"@type\":\"ImageObject\",\"inLanguage\":\"en-US\",\"@id\":\"https:\\\/\\\/alpagasdumaquis.be\\\/#\\\/schema\\\/logo\\\/image\\\/\",\"url\":\"https:\\\/\\\/alpagasdumaquis.be\\\/wp-content\\\/uploads\\\/2023\\\/07\\\/alpagas-logo.76cc389.webp\",\"contentUrl\":\"https:\\\/\\\/alpagasdumaquis.be\\\/wp-content\\\/uploads\\\/2023\\\/07\\\/alpagas-logo.76cc389.webp\",\"width\":200,\"height\":200,\"caption\":\"Alpagas du Maquis\"},\"image\":{\"@id\":\"https:\\\/\\\/alpagasdumaquis.be\\\/#\\\/schema\\\/logo\\\/image\\\/\"}}]}<\/script>\n<!-- \/ Yoast SEO plugin. -->","yoast_head_json":{"title":"B\u00e9ret en feutre d'alpaga - 2 coloris au choix","description":"Le couvre-chef est de retour en force et cela n'exclut pas ce b\u00e9ret finement travaill\u00e9 dans une forme fran\u00e7aise simple avec son petit logo en cuir.Propos\u00e9 dans des coloris intemporels, vous pourrez \u00e9galement associer ce b\u00e9ret en alpaga \u00e0 un look casual.Mati\u00e8re : 100% alpaga","robots":{"index":"index","follow":"follow","max-snippet":"max-snippet:-1","max-image-preview":"max-image-preview:large","max-video-preview":"max-video-preview:-1"},"canonical":"https:\/\/alpagasdumaquis.be\/produit\/beret-en-feutre-d-alpaga-2-coloris-au-choix\/","og_locale":"en_US","og_type":"article","og_title":"B\u00e9ret en feutre d'alpaga - 2 coloris au choix","og_description":"Le couvre-chef est de retour en force et cela n'exclut pas ce b\u00e9ret finement travaill\u00e9 dans une forme fran\u00e7aise simple avec son petit logo en cuir.Propos\u00e9 dans des coloris intemporels, vous pourrez \u00e9galement associer ce b\u00e9ret en alpaga \u00e0 un look casual.Mati\u00e8re : 100% alpaga","og_url":"https:\/\/alpagasdumaquis.be\/produit\/beret-en-feutre-d-alpaga-2-coloris-au-choix\/","og_site_name":"Alpagas du Maquis","article_modified_time":"2023-07-26T15:29:23+00:00","og_image":[{"width":527,"height":800,"url":"https:\/\/alpagasdumaquis.be\/wp-content\/uploads\/2022\/10\/products-3alpaka-baskenmtze-beret-aus-100-alpaka-1.jpg","type":"image\/jpeg"}],"twitter_card":"summary_large_image","schema":{"@context":"https:\/\/schema.org","@graph":[{"@type":"WebPage","@id":"https:\/\/alpagasdumaquis.be\/produit\/beret-en-feutre-d-alpaga-2-coloris-au-choix\/","url":"https:\/\/alpagasdumaquis.be\/produit\/beret-en-feutre-d-alpaga-2-coloris-au-choix\/","name":"B\u00e9ret en feutre d'alpaga - 2 coloris au choix","isPartOf":{"@id":"https:\/\/alpagasdumaquis.be\/#website"},"primaryImageOfPage":{"@id":"https:\/\/alpagasdumaquis.be\/produit\/beret-en-feutre-d-alpaga-2-coloris-au-choix\/#primaryimage"},"image":{"@id":"https:\/\/alpagasdumaquis.be\/produit\/beret-en-feutre-d-alpaga-2-coloris-au-choix\/#primaryimage"},"thumbnailUrl":"https:\/\/alpagasdumaquis.be\/wp-content\/uploads\/2022\/10\/products-3alpaka-baskenmtze-beret-aus-100-alpaka-1.jpg","datePublished":"2022-10-21T11:14:21+00:00","dateModified":"2023-07-26T15:29:23+00:00","description":"Le couvre-chef est de retour en force et cela n'exclut pas ce b\u00e9ret finement travaill\u00e9 dans une forme fran\u00e7aise simple avec son petit logo en cuir.Propos\u00e9 dans des coloris intemporels, vous pourrez \u00e9galement associer ce b\u00e9ret en alpaga \u00e0 un look casual.Mati\u00e8re : 100% alpaga","breadcrumb":{"@id":"https:\/\/alpagasdumaquis.be\/produit\/beret-en-feutre-d-alpaga-2-coloris-au-choix\/#breadcrumb"},"inLanguage":"en-US","potentialAction":[{"@type":"ReadAction","target":["https:\/\/alpagasdumaquis.be\/produit\/beret-en-feutre-d-alpaga-2-coloris-au-choix\/"]}]},{"@type":"ImageObject","inLanguage":"en-US","@id":"https:\/\/alpagasdumaquis.be\/produit\/beret-en-feutre-d-alpaga-2-coloris-au-choix\/#primaryimage","url":"https:\/\/alpagasdumaquis.be\/wp-content\/uploads\/2022\/10\/products-3alpaka-baskenmtze-beret-aus-100-alpaka-1.jpg","contentUrl":"https:\/\/alpagasdumaquis.be\/wp-content\/uploads\/2022\/10\/products-3alpaka-baskenmtze-beret-aus-100-alpaka-1.jpg","width":527,"height":800,"caption":"B\u00e9ret en feutre d'alpaga - 2 coloris au choix"},{"@type":"BreadcrumbList","@id":"https:\/\/alpagasdumaquis.be\/produit\/beret-en-feutre-d-alpaga-2-coloris-au-choix\/#breadcrumb","itemListElement":[{"@type":"ListItem","position":1,"name":"Accueil","item":"https:\/\/alpagasdumaquis.be\/en\/alpagas-du-maquis-alpaca-breeding-spinning-mill-shop\/"},{"@type":"ListItem","position":2,"name":"origin &#8211; Boutique","item":"https:\/\/alpagasdumaquis.be\/boutique-origin\/"},{"@type":"ListItem","position":3,"name":"B\u00e9ret en feutre d&#8217;alpaga &#8211; 2 coloris au choix"}]},{"@type":"WebSite","@id":"https:\/\/alpagasdumaquis.be\/#website","url":"https:\/\/alpagasdumaquis.be\/","name":"Alpagas du Maquis","description":"Quality Alpagas &amp; Fiber Mill","publisher":{"@id":"https:\/\/alpagasdumaquis.be\/#organization"},"potentialAction":[{"@type":"SearchAction","target":{"@type":"EntryPoint","urlTemplate":"https:\/\/alpagasdumaquis.be\/?s={search_term_string}"},"query-input":{"@type":"PropertyValueSpecification","valueRequired":true,"valueName":"search_term_string"}}],"inLanguage":"en-US"},{"@type":"Organization","@id":"https:\/\/alpagasdumaquis.be\/#organization","name":"Alpagas du Maquis","url":"https:\/\/alpagasdumaquis.be\/","logo":{"@type":"ImageObject","inLanguage":"en-US","@id":"https:\/\/alpagasdumaquis.be\/#\/schema\/logo\/image\/","url":"https:\/\/alpagasdumaquis.be\/wp-content\/uploads\/2023\/07\/alpagas-logo.76cc389.webp","contentUrl":"https:\/\/alpagasdumaquis.be\/wp-content\/uploads\/2023\/07\/alpagas-logo.76cc389.webp","width":200,"height":200,"caption":"Alpagas du Maquis"},"image":{"@id":"https:\/\/alpagasdumaquis.be\/#\/schema\/logo\/image\/"}}]}},"jetpack_sharing_enabled":true,"_links":{"self":[{"href":"https:\/\/alpagasdumaquis.be\/en\/wp-json\/wp\/v2\/product\/3189","targetHints":{"allow":["GET"]}}],"collection":[{"href":"https:\/\/alpagasdumaquis.be\/en\/wp-json\/wp\/v2\/product"}],"about":[{"href":"https:\/\/alpagasdumaquis.be\/en\/wp-json\/wp\/v2\/types\/product"}],"replies":[{"embeddable":true,"href":"https:\/\/alpagasdumaquis.be\/en\/wp-json\/wp\/v2\/comments?post=3189"}],"version-history":[{"count":0,"href":"https:\/\/alpagasdumaquis.be\/en\/wp-json\/wp\/v2\/product\/3189\/revisions"}],"wp:featuredmedia":[{"embeddable":true,"href":"https:\/\/alpagasdumaquis.be\/en\/wp-json\/wp\/v2\/media\/3194"}],"wp:attachment":[{"href":"https:\/\/alpagasdumaquis.be\/en\/wp-json\/wp\/v2\/media?parent=3189"}],"wp:term":[{"taxonomy":"product_brand","embeddable":true,"href":"https:\/\/alpagasdumaquis.be\/en\/wp-json\/wp\/v2\/product_brand?post=3189"},{"taxonomy":"product_cat","embeddable":true,"href":"https:\/\/alpagasdumaquis.be\/en\/wp-json\/wp\/v2\/product_cat?post=3189"},{"taxonomy":"product_tag","embeddable":true,"href":"https:\/\/alpagasdumaquis.be\/en\/wp-json\/wp\/v2\/product_tag?post=3189"}],"curies":[{"name":"wp","href":"https:\/\/api.w.org\/{rel}","templated":true}]}}