{"id":3213,"date":"2022-10-21T11:36:52","date_gmt":"2022-10-21T11:36:52","guid":{"rendered":"https:\/\/alpagasmaquis.be\/?post_type=product&#038;p=3213"},"modified":"2022-10-21T11:42:06","modified_gmt":"2022-10-21T11:42:06","slug":"echarpe-tissee-tango-alpaga-soie-2","status":"publish","type":"product","link":"https:\/\/alpagasdumaquis.be\/en\/produit\/echarpe-tissee-tango-alpaga-soie-2\/","title":{"rendered":"Echarpe tiss\u00e9e Tango alpaga\/soie"},"content":{"rendered":"<p><meta charset=\"utf-8\"><meta charset=\"utf-8\"><\/p>\n<p>\u00c9charpe \u00e9l\u00e9gante avec imprim\u00e9 floral aux couleurs naturelles. Polyvalente et pr\u00e9cieuse, elle est fabriqu\u00e9e \u00e0 partir du meilleur m\u00e9lange de\u00a0baby alpaga et de soie.<\/p>\n<p>Mati\u00e8re : 70% baby alpaca &#8211; 30% soie<\/p>\n<p><span>Dimensions: 180\/176 x 70 cm<\/span><\/p>\n<p><span>Mixte.<\/span><\/p>\n<p><span>Poids: env. 120g<\/span><\/p>\n","protected":false},"excerpt":{"rendered":"<p>\u00c9charpe \u00e9l\u00e9gante avec imprim\u00e9 floral aux couleurs naturelles. Polyvalente et pr\u00e9cieuse, elle est fabriqu\u00e9e \u00e0 partir du meilleur m\u00e9lange de\u00a0baby alpaga et de soie. Mati\u00e8re : 70% baby alpaca &#8211; 30% soie Dimensions: 180\/176 x 70 cm Mixte. Poids: env. 120g<\/p>\n","protected":false},"featured_media":3215,"comment_status":"open","ping_status":"closed","template":"","meta":[],"product_brand":[58],"product_cat":[49],"product_tag":[67,123,69,70,294,105,127,268,125,271,311,312],"class_list":{"0":"post-3213","1":"product","2":"type-product","3":"status-publish","4":"has-post-thumbnail","6":"product_brand-apu-kuntur","7":"product_cat-peru-tete-cou-bien-proteges-2","8":"product_tag-alpaca","9":"product_tag-alpaca-scarf","10":"product_tag-alpaga","11":"product_tag-baby-alpaca","12":"product_tag-chale","13":"product_tag-echarpe","14":"product_tag-echarpe-alpaga","15":"product_tag-foulard","16":"product_tag-scarf","17":"product_tag-shawl","18":"product_tag-silk","19":"product_tag-soie","20":"pa_couleur-gris-en","22":"first","23":"instock","24":"shipping-taxable","25":"purchasable","26":"product-type-variable"},"yoast_head":"<!-- This site is optimized with the Yoast SEO plugin v27.5 - https:\/\/yoast.com\/product\/yoast-seo-wordpress\/ -->\n<title>Echarpe tiss\u00e9e Tango alpaga\/soie<\/title>\n<meta name=\"description\" content=\"\u00c9charpe \u00e9l\u00e9gante avec imprim\u00e9 floral aux couleurs naturelles. Polyvalente et pr\u00e9cieuse, elle est fabriqu\u00e9e \u00e0 partir du meilleur m\u00e9lange de\u00a0baby alpaga et de soie.Mati\u00e8re : 70% baby alpaca - 30% soie Dimensions: 180\/176 x 70 cm Mixte. Poids: env. 120g\" \/>\n<meta name=\"robots\" content=\"index, follow, max-snippet:-1, max-image-preview:large, max-video-preview:-1\" \/>\n<link rel=\"canonical\" href=\"https:\/\/alpagasdumaquis.be\/produit\/echarpe-tissee-tango-alpaga-soie\/\" \/>\n<meta property=\"og:locale\" content=\"en_US\" \/>\n<meta property=\"og:type\" content=\"article\" \/>\n<meta property=\"og:title\" content=\"Echarpe tiss\u00e9e Tango alpaga\/soie\" \/>\n<meta property=\"og:description\" content=\"\u00c9charpe \u00e9l\u00e9gante avec imprim\u00e9 floral aux couleurs naturelles. Polyvalente et pr\u00e9cieuse, elle est fabriqu\u00e9e \u00e0 partir du meilleur m\u00e9lange de\u00a0baby alpaga et de soie.Mati\u00e8re : 70% baby alpaca - 30% soie Dimensions: 180\/176 x 70 cm Mixte. Poids: env. 120g\" \/>\n<meta property=\"og:url\" content=\"https:\/\/alpagasdumaquis.be\/produit\/echarpe-tissee-tango-alpaga-soie\/\" \/>\n<meta property=\"og:site_name\" content=\"Alpagas du Maquis\" \/>\n<meta property=\"article:modified_time\" content=\"2022-10-21T11:42:06+00:00\" \/>\n<meta property=\"og:image\" content=\"https:\/\/alpagasdumaquis.be\/wp-content\/uploads\/2022\/10\/products-alpaka-schal-untango-aus-baby-alpaka-und-seide-1.jpg\" \/>\n\t<meta property=\"og:image:width\" content=\"527\" \/>\n\t<meta property=\"og:image:height\" content=\"800\" \/>\n\t<meta property=\"og:image:type\" content=\"image\/jpeg\" \/>\n<meta name=\"twitter:card\" content=\"summary_large_image\" \/>\n<script type=\"application\/ld+json\" class=\"yoast-schema-graph\">{\"@context\":\"https:\\\/\\\/schema.org\",\"@graph\":[{\"@type\":\"WebPage\",\"@id\":\"https:\\\/\\\/alpagasdumaquis.be\\\/produit\\\/echarpe-tissee-tango-alpaga-soie\\\/\",\"url\":\"https:\\\/\\\/alpagasdumaquis.be\\\/produit\\\/echarpe-tissee-tango-alpaga-soie\\\/\",\"name\":\"Echarpe tiss\u00e9e Tango alpaga\\\/soie\",\"isPartOf\":{\"@id\":\"https:\\\/\\\/alpagasdumaquis.be\\\/#website\"},\"primaryImageOfPage\":{\"@id\":\"https:\\\/\\\/alpagasdumaquis.be\\\/produit\\\/echarpe-tissee-tango-alpaga-soie\\\/#primaryimage\"},\"image\":{\"@id\":\"https:\\\/\\\/alpagasdumaquis.be\\\/produit\\\/echarpe-tissee-tango-alpaga-soie\\\/#primaryimage\"},\"thumbnailUrl\":\"https:\\\/\\\/alpagasdumaquis.be\\\/wp-content\\\/uploads\\\/2022\\\/10\\\/products-alpaka-schal-untango-aus-baby-alpaka-und-seide-1.jpg\",\"datePublished\":\"2022-10-21T11:36:52+00:00\",\"dateModified\":\"2022-10-21T11:42:06+00:00\",\"description\":\"\u00c9charpe \u00e9l\u00e9gante avec imprim\u00e9 floral aux couleurs naturelles. Polyvalente et pr\u00e9cieuse, elle est fabriqu\u00e9e \u00e0 partir du meilleur m\u00e9lange de\u00a0baby alpaga et de soie.Mati\u00e8re : 70% baby alpaca - 30% soie Dimensions: 180\\\/176 x 70 cm Mixte. Poids: env. 120g\",\"breadcrumb\":{\"@id\":\"https:\\\/\\\/alpagasdumaquis.be\\\/produit\\\/echarpe-tissee-tango-alpaga-soie\\\/#breadcrumb\"},\"inLanguage\":\"en-US\",\"potentialAction\":[{\"@type\":\"ReadAction\",\"target\":[\"https:\\\/\\\/alpagasdumaquis.be\\\/produit\\\/echarpe-tissee-tango-alpaga-soie\\\/\"]}]},{\"@type\":\"ImageObject\",\"inLanguage\":\"en-US\",\"@id\":\"https:\\\/\\\/alpagasdumaquis.be\\\/produit\\\/echarpe-tissee-tango-alpaga-soie\\\/#primaryimage\",\"url\":\"https:\\\/\\\/alpagasdumaquis.be\\\/wp-content\\\/uploads\\\/2022\\\/10\\\/products-alpaka-schal-untango-aus-baby-alpaka-und-seide-1.jpg\",\"contentUrl\":\"https:\\\/\\\/alpagasdumaquis.be\\\/wp-content\\\/uploads\\\/2022\\\/10\\\/products-alpaka-schal-untango-aus-baby-alpaka-und-seide-1.jpg\",\"width\":527,\"height\":800,\"caption\":\"Echarpe tiss\u00e9e Tango alpaga\\\/soie\"},{\"@type\":\"BreadcrumbList\",\"@id\":\"https:\\\/\\\/alpagasdumaquis.be\\\/produit\\\/echarpe-tissee-tango-alpaga-soie\\\/#breadcrumb\",\"itemListElement\":[{\"@type\":\"ListItem\",\"position\":1,\"name\":\"Accueil\",\"item\":\"https:\\\/\\\/alpagasdumaquis.be\\\/en\\\/alpagas-du-maquis-alpaca-breeding-spinning-mill-shop\\\/\"},{\"@type\":\"ListItem\",\"position\":2,\"name\":\"origin &#8211; Boutique\",\"item\":\"https:\\\/\\\/alpagasdumaquis.be\\\/boutique-origin\\\/\"},{\"@type\":\"ListItem\",\"position\":3,\"name\":\"Echarpe tiss\u00e9e Tango alpaga\\\/soie\"}]},{\"@type\":\"WebSite\",\"@id\":\"https:\\\/\\\/alpagasdumaquis.be\\\/#website\",\"url\":\"https:\\\/\\\/alpagasdumaquis.be\\\/\",\"name\":\"Alpagas du Maquis\",\"description\":\"Quality Alpagas &amp; Fiber Mill\",\"publisher\":{\"@id\":\"https:\\\/\\\/alpagasdumaquis.be\\\/#organization\"},\"potentialAction\":[{\"@type\":\"SearchAction\",\"target\":{\"@type\":\"EntryPoint\",\"urlTemplate\":\"https:\\\/\\\/alpagasdumaquis.be\\\/?s={search_term_string}\"},\"query-input\":{\"@type\":\"PropertyValueSpecification\",\"valueRequired\":true,\"valueName\":\"search_term_string\"}}],\"inLanguage\":\"en-US\"},{\"@type\":\"Organization\",\"@id\":\"https:\\\/\\\/alpagasdumaquis.be\\\/#organization\",\"name\":\"Alpagas du Maquis\",\"url\":\"https:\\\/\\\/alpagasdumaquis.be\\\/\",\"logo\":{\"@type\":\"ImageObject\",\"inLanguage\":\"en-US\",\"@id\":\"https:\\\/\\\/alpagasdumaquis.be\\\/#\\\/schema\\\/logo\\\/image\\\/\",\"url\":\"https:\\\/\\\/alpagasdumaquis.be\\\/wp-content\\\/uploads\\\/2023\\\/07\\\/alpagas-logo.76cc389.webp\",\"contentUrl\":\"https:\\\/\\\/alpagasdumaquis.be\\\/wp-content\\\/uploads\\\/2023\\\/07\\\/alpagas-logo.76cc389.webp\",\"width\":200,\"height\":200,\"caption\":\"Alpagas du Maquis\"},\"image\":{\"@id\":\"https:\\\/\\\/alpagasdumaquis.be\\\/#\\\/schema\\\/logo\\\/image\\\/\"}}]}<\/script>\n<!-- \/ Yoast SEO plugin. -->","yoast_head_json":{"title":"Echarpe tiss\u00e9e Tango alpaga\/soie","description":"\u00c9charpe \u00e9l\u00e9gante avec imprim\u00e9 floral aux couleurs naturelles. Polyvalente et pr\u00e9cieuse, elle est fabriqu\u00e9e \u00e0 partir du meilleur m\u00e9lange de\u00a0baby alpaga et de soie.Mati\u00e8re : 70% baby alpaca - 30% soie Dimensions: 180\/176 x 70 cm Mixte. Poids: env. 120g","robots":{"index":"index","follow":"follow","max-snippet":"max-snippet:-1","max-image-preview":"max-image-preview:large","max-video-preview":"max-video-preview:-1"},"canonical":"https:\/\/alpagasdumaquis.be\/produit\/echarpe-tissee-tango-alpaga-soie\/","og_locale":"en_US","og_type":"article","og_title":"Echarpe tiss\u00e9e Tango alpaga\/soie","og_description":"\u00c9charpe \u00e9l\u00e9gante avec imprim\u00e9 floral aux couleurs naturelles. Polyvalente et pr\u00e9cieuse, elle est fabriqu\u00e9e \u00e0 partir du meilleur m\u00e9lange de\u00a0baby alpaga et de soie.Mati\u00e8re : 70% baby alpaca - 30% soie Dimensions: 180\/176 x 70 cm Mixte. Poids: env. 120g","og_url":"https:\/\/alpagasdumaquis.be\/produit\/echarpe-tissee-tango-alpaga-soie\/","og_site_name":"Alpagas du Maquis","article_modified_time":"2022-10-21T11:42:06+00:00","og_image":[{"width":527,"height":800,"url":"https:\/\/alpagasdumaquis.be\/wp-content\/uploads\/2022\/10\/products-alpaka-schal-untango-aus-baby-alpaka-und-seide-1.jpg","type":"image\/jpeg"}],"twitter_card":"summary_large_image","schema":{"@context":"https:\/\/schema.org","@graph":[{"@type":"WebPage","@id":"https:\/\/alpagasdumaquis.be\/produit\/echarpe-tissee-tango-alpaga-soie\/","url":"https:\/\/alpagasdumaquis.be\/produit\/echarpe-tissee-tango-alpaga-soie\/","name":"Echarpe tiss\u00e9e Tango alpaga\/soie","isPartOf":{"@id":"https:\/\/alpagasdumaquis.be\/#website"},"primaryImageOfPage":{"@id":"https:\/\/alpagasdumaquis.be\/produit\/echarpe-tissee-tango-alpaga-soie\/#primaryimage"},"image":{"@id":"https:\/\/alpagasdumaquis.be\/produit\/echarpe-tissee-tango-alpaga-soie\/#primaryimage"},"thumbnailUrl":"https:\/\/alpagasdumaquis.be\/wp-content\/uploads\/2022\/10\/products-alpaka-schal-untango-aus-baby-alpaka-und-seide-1.jpg","datePublished":"2022-10-21T11:36:52+00:00","dateModified":"2022-10-21T11:42:06+00:00","description":"\u00c9charpe \u00e9l\u00e9gante avec imprim\u00e9 floral aux couleurs naturelles. Polyvalente et pr\u00e9cieuse, elle est fabriqu\u00e9e \u00e0 partir du meilleur m\u00e9lange de\u00a0baby alpaga et de soie.Mati\u00e8re : 70% baby alpaca - 30% soie Dimensions: 180\/176 x 70 cm Mixte. Poids: env. 120g","breadcrumb":{"@id":"https:\/\/alpagasdumaquis.be\/produit\/echarpe-tissee-tango-alpaga-soie\/#breadcrumb"},"inLanguage":"en-US","potentialAction":[{"@type":"ReadAction","target":["https:\/\/alpagasdumaquis.be\/produit\/echarpe-tissee-tango-alpaga-soie\/"]}]},{"@type":"ImageObject","inLanguage":"en-US","@id":"https:\/\/alpagasdumaquis.be\/produit\/echarpe-tissee-tango-alpaga-soie\/#primaryimage","url":"https:\/\/alpagasdumaquis.be\/wp-content\/uploads\/2022\/10\/products-alpaka-schal-untango-aus-baby-alpaka-und-seide-1.jpg","contentUrl":"https:\/\/alpagasdumaquis.be\/wp-content\/uploads\/2022\/10\/products-alpaka-schal-untango-aus-baby-alpaka-und-seide-1.jpg","width":527,"height":800,"caption":"Echarpe tiss\u00e9e Tango alpaga\/soie"},{"@type":"BreadcrumbList","@id":"https:\/\/alpagasdumaquis.be\/produit\/echarpe-tissee-tango-alpaga-soie\/#breadcrumb","itemListElement":[{"@type":"ListItem","position":1,"name":"Accueil","item":"https:\/\/alpagasdumaquis.be\/en\/alpagas-du-maquis-alpaca-breeding-spinning-mill-shop\/"},{"@type":"ListItem","position":2,"name":"origin &#8211; Boutique","item":"https:\/\/alpagasdumaquis.be\/boutique-origin\/"},{"@type":"ListItem","position":3,"name":"Echarpe tiss\u00e9e Tango alpaga\/soie"}]},{"@type":"WebSite","@id":"https:\/\/alpagasdumaquis.be\/#website","url":"https:\/\/alpagasdumaquis.be\/","name":"Alpagas du Maquis","description":"Quality Alpagas &amp; Fiber Mill","publisher":{"@id":"https:\/\/alpagasdumaquis.be\/#organization"},"potentialAction":[{"@type":"SearchAction","target":{"@type":"EntryPoint","urlTemplate":"https:\/\/alpagasdumaquis.be\/?s={search_term_string}"},"query-input":{"@type":"PropertyValueSpecification","valueRequired":true,"valueName":"search_term_string"}}],"inLanguage":"en-US"},{"@type":"Organization","@id":"https:\/\/alpagasdumaquis.be\/#organization","name":"Alpagas du Maquis","url":"https:\/\/alpagasdumaquis.be\/","logo":{"@type":"ImageObject","inLanguage":"en-US","@id":"https:\/\/alpagasdumaquis.be\/#\/schema\/logo\/image\/","url":"https:\/\/alpagasdumaquis.be\/wp-content\/uploads\/2023\/07\/alpagas-logo.76cc389.webp","contentUrl":"https:\/\/alpagasdumaquis.be\/wp-content\/uploads\/2023\/07\/alpagas-logo.76cc389.webp","width":200,"height":200,"caption":"Alpagas du Maquis"},"image":{"@id":"https:\/\/alpagasdumaquis.be\/#\/schema\/logo\/image\/"}}]}},"jetpack_sharing_enabled":true,"_links":{"self":[{"href":"https:\/\/alpagasdumaquis.be\/en\/wp-json\/wp\/v2\/product\/3213","targetHints":{"allow":["GET"]}}],"collection":[{"href":"https:\/\/alpagasdumaquis.be\/en\/wp-json\/wp\/v2\/product"}],"about":[{"href":"https:\/\/alpagasdumaquis.be\/en\/wp-json\/wp\/v2\/types\/product"}],"replies":[{"embeddable":true,"href":"https:\/\/alpagasdumaquis.be\/en\/wp-json\/wp\/v2\/comments?post=3213"}],"version-history":[{"count":0,"href":"https:\/\/alpagasdumaquis.be\/en\/wp-json\/wp\/v2\/product\/3213\/revisions"}],"wp:featuredmedia":[{"embeddable":true,"href":"https:\/\/alpagasdumaquis.be\/en\/wp-json\/wp\/v2\/media\/3215"}],"wp:attachment":[{"href":"https:\/\/alpagasdumaquis.be\/en\/wp-json\/wp\/v2\/media?parent=3213"}],"wp:term":[{"taxonomy":"product_brand","embeddable":true,"href":"https:\/\/alpagasdumaquis.be\/en\/wp-json\/wp\/v2\/product_brand?post=3213"},{"taxonomy":"product_cat","embeddable":true,"href":"https:\/\/alpagasdumaquis.be\/en\/wp-json\/wp\/v2\/product_cat?post=3213"},{"taxonomy":"product_tag","embeddable":true,"href":"https:\/\/alpagasdumaquis.be\/en\/wp-json\/wp\/v2\/product_tag?post=3213"}],"curies":[{"name":"wp","href":"https:\/\/api.w.org\/{rel}","templated":true}]}}