{"id":3960,"date":"2023-07-27T15:01:53","date_gmt":"2023-07-27T13:01:53","guid":{"rendered":"https:\/\/alpagasmaquis.be\/?post_type=product&#038;p=3960"},"modified":"2023-07-27T15:08:56","modified_gmt":"2023-07-27T15:08:56","slug":"echarpe-karo-mixte-2-coloris-au-choix-2","status":"publish","type":"product","link":"https:\/\/alpagasdumaquis.be\/en\/produit\/echarpe-karo-mixte-2-coloris-au-choix-2\/","title":{"rendered":"Echarpe Karo mixte \/ 2 coloris au choix"},"content":{"rendered":"<p><meta charset=\"utf-8\"><\/p>\n<p>Pour elle comme pour lui&#8230;<\/p>\n<p>Cette \u00e9charpe\u00a0bien chaude aux motifs carreaux toujours tendance en baby alpaga\u00a0sera\u00a0 de la partie\u00a0pendant les saisons plus fra\u00eeches.<\/p>\n<p>Pour de longues balades automnales, optez pour une \u00e9l\u00e9gance intemporelle et la plus haute qualit\u00e9 d&#8217;une des fibres les plus fines au monde !<\/p>\n<p>Mati\u00e8re : 100% baby alpaga<\/p>\n<p>Dimensions : 30 x 165\/180cm (sans\/avec franges)\u00a0<\/p>\n","protected":false},"excerpt":{"rendered":"<p>Pour elle comme pour lui&#8230; Cette \u00e9charpe\u00a0bien chaude aux motifs carreaux toujours tendance en baby alpaga\u00a0sera\u00a0 de la partie\u00a0pendant les saisons plus fra\u00eeches. Pour de longues balades automnales, optez pour une \u00e9l\u00e9gance intemporelle et la plus haute qualit\u00e9 d&#8217;une des fibres les plus fines au monde ! Mati\u00e8re : 100% baby alpaga Dimensions : 30 [&hellip;]<\/p>\n","protected":false},"featured_media":3965,"comment_status":"open","ping_status":"closed","template":"","meta":[],"product_brand":[58],"product_cat":[49],"product_tag":[],"class_list":{"0":"post-3960","1":"product","2":"type-product","3":"status-publish","4":"has-post-thumbnail","6":"product_brand-apu-kuntur","7":"product_cat-peru-tete-cou-bien-proteges-2","8":"pa_couleur-bleu-en","9":"pa_couleur-gris-en","11":"first","12":"instock","13":"shipping-taxable","14":"purchasable","15":"product-type-variable"},"yoast_head":"<!-- This site is optimized with the Yoast SEO plugin v27.5 - https:\/\/yoast.com\/product\/yoast-seo-wordpress\/ -->\n<title>Echarpe Karo mixte \/ 2 coloris au choix<\/title>\n<meta name=\"description\" content=\"Pour elle comme pour lui... Cette \u00e9charpe\u00a0bien chaude aux motifs carreaux toujours tendance en baby alpaga\u00a0sera\u00a0 de la partie\u00a0pendant les saisons plus fra\u00eeches. Pour de longues balades automnales, optez pour une \u00e9l\u00e9gance intemporelle et la plus haute qualit\u00e9 d&#039;une des fibres les plus fines au monde ! Mati\u00e8re : 100% baby alpaga Dimensions : 30 x 165\/180cm (sans\/avec franges)\u00a0\" \/>\n<meta name=\"robots\" content=\"index, follow, max-snippet:-1, max-image-preview:large, max-video-preview:-1\" \/>\n<link rel=\"canonical\" href=\"https:\/\/alpagasdumaquis.be\/produit\/echarpe-karo-mixte-2-coloris-au-choix\/\" \/>\n<meta property=\"og:locale\" content=\"en_US\" \/>\n<meta property=\"og:type\" content=\"article\" \/>\n<meta property=\"og:title\" content=\"Echarpe Karo mixte \/ 2 coloris au choix\" \/>\n<meta property=\"og:description\" content=\"Pour elle comme pour lui... Cette \u00e9charpe\u00a0bien chaude aux motifs carreaux toujours tendance en baby alpaga\u00a0sera\u00a0 de la partie\u00a0pendant les saisons plus fra\u00eeches. Pour de longues balades automnales, optez pour une \u00e9l\u00e9gance intemporelle et la plus haute qualit\u00e9 d&#039;une des fibres les plus fines au monde ! Mati\u00e8re : 100% baby alpaga Dimensions : 30 x 165\/180cm (sans\/avec franges)\u00a0\" \/>\n<meta property=\"og:url\" content=\"https:\/\/alpagasdumaquis.be\/produit\/echarpe-karo-mixte-2-coloris-au-choix\/\" \/>\n<meta property=\"og:site_name\" content=\"Alpagas du Maquis\" \/>\n<meta property=\"article:modified_time\" content=\"2023-07-27T15:08:56+00:00\" \/>\n<meta property=\"og:image\" content=\"https:\/\/alpagasdumaquis.be\/wp-content\/uploads\/2023\/07\/products-alpaka-schal-karo-aus-100-baby-alpaka-1.jpg\" \/>\n\t<meta property=\"og:image:width\" content=\"1500\" \/>\n\t<meta property=\"og:image:height\" content=\"2275\" \/>\n\t<meta property=\"og:image:type\" content=\"image\/jpeg\" \/>\n<meta name=\"twitter:card\" content=\"summary_large_image\" \/>\n<script type=\"application\/ld+json\" class=\"yoast-schema-graph\">{\"@context\":\"https:\\\/\\\/schema.org\",\"@graph\":[{\"@type\":\"WebPage\",\"@id\":\"https:\\\/\\\/alpagasdumaquis.be\\\/produit\\\/echarpe-karo-mixte-2-coloris-au-choix\\\/\",\"url\":\"https:\\\/\\\/alpagasdumaquis.be\\\/produit\\\/echarpe-karo-mixte-2-coloris-au-choix\\\/\",\"name\":\"Echarpe Karo mixte \\\/ 2 coloris au choix\",\"isPartOf\":{\"@id\":\"https:\\\/\\\/alpagasdumaquis.be\\\/#website\"},\"primaryImageOfPage\":{\"@id\":\"https:\\\/\\\/alpagasdumaquis.be\\\/produit\\\/echarpe-karo-mixte-2-coloris-au-choix\\\/#primaryimage\"},\"image\":{\"@id\":\"https:\\\/\\\/alpagasdumaquis.be\\\/produit\\\/echarpe-karo-mixte-2-coloris-au-choix\\\/#primaryimage\"},\"thumbnailUrl\":\"https:\\\/\\\/alpagasdumaquis.be\\\/wp-content\\\/uploads\\\/2023\\\/07\\\/products-alpaka-schal-karo-aus-100-baby-alpaka-1.jpg\",\"datePublished\":\"2023-07-27T13:01:53+00:00\",\"dateModified\":\"2023-07-27T15:08:56+00:00\",\"description\":\"Pour elle comme pour lui... Cette \u00e9charpe\u00a0bien chaude aux motifs carreaux toujours tendance en baby alpaga\u00a0sera\u00a0 de la partie\u00a0pendant les saisons plus fra\u00eeches. Pour de longues balades automnales, optez pour une \u00e9l\u00e9gance intemporelle et la plus haute qualit\u00e9 d'une des fibres les plus fines au monde ! Mati\u00e8re : 100% baby alpaga Dimensions : 30 x 165\\\/180cm (sans\\\/avec franges)\u00a0\",\"breadcrumb\":{\"@id\":\"https:\\\/\\\/alpagasdumaquis.be\\\/produit\\\/echarpe-karo-mixte-2-coloris-au-choix\\\/#breadcrumb\"},\"inLanguage\":\"en-US\",\"potentialAction\":[{\"@type\":\"ReadAction\",\"target\":[\"https:\\\/\\\/alpagasdumaquis.be\\\/produit\\\/echarpe-karo-mixte-2-coloris-au-choix\\\/\"]}]},{\"@type\":\"ImageObject\",\"inLanguage\":\"en-US\",\"@id\":\"https:\\\/\\\/alpagasdumaquis.be\\\/produit\\\/echarpe-karo-mixte-2-coloris-au-choix\\\/#primaryimage\",\"url\":\"https:\\\/\\\/alpagasdumaquis.be\\\/wp-content\\\/uploads\\\/2023\\\/07\\\/products-alpaka-schal-karo-aus-100-baby-alpaka-1.jpg\",\"contentUrl\":\"https:\\\/\\\/alpagasdumaquis.be\\\/wp-content\\\/uploads\\\/2023\\\/07\\\/products-alpaka-schal-karo-aus-100-baby-alpaka-1.jpg\",\"width\":1500,\"height\":2275,\"caption\":\"Echarpe Karo mixte \\\/ 2 coloris au choix\"},{\"@type\":\"BreadcrumbList\",\"@id\":\"https:\\\/\\\/alpagasdumaquis.be\\\/produit\\\/echarpe-karo-mixte-2-coloris-au-choix\\\/#breadcrumb\",\"itemListElement\":[{\"@type\":\"ListItem\",\"position\":1,\"name\":\"Accueil\",\"item\":\"https:\\\/\\\/alpagasdumaquis.be\\\/en\\\/alpagas-du-maquis-alpaca-breeding-spinning-mill-shop\\\/\"},{\"@type\":\"ListItem\",\"position\":2,\"name\":\"origin &#8211; Boutique\",\"item\":\"https:\\\/\\\/alpagasdumaquis.be\\\/boutique-origin\\\/\"},{\"@type\":\"ListItem\",\"position\":3,\"name\":\"Echarpe Karo mixte \\\/ 2 coloris au choix\"}]},{\"@type\":\"WebSite\",\"@id\":\"https:\\\/\\\/alpagasdumaquis.be\\\/#website\",\"url\":\"https:\\\/\\\/alpagasdumaquis.be\\\/\",\"name\":\"Alpagas du Maquis\",\"description\":\"Quality Alpagas &amp; Fiber Mill\",\"publisher\":{\"@id\":\"https:\\\/\\\/alpagasdumaquis.be\\\/#organization\"},\"potentialAction\":[{\"@type\":\"SearchAction\",\"target\":{\"@type\":\"EntryPoint\",\"urlTemplate\":\"https:\\\/\\\/alpagasdumaquis.be\\\/?s={search_term_string}\"},\"query-input\":{\"@type\":\"PropertyValueSpecification\",\"valueRequired\":true,\"valueName\":\"search_term_string\"}}],\"inLanguage\":\"en-US\"},{\"@type\":\"Organization\",\"@id\":\"https:\\\/\\\/alpagasdumaquis.be\\\/#organization\",\"name\":\"Alpagas du Maquis\",\"url\":\"https:\\\/\\\/alpagasdumaquis.be\\\/\",\"logo\":{\"@type\":\"ImageObject\",\"inLanguage\":\"en-US\",\"@id\":\"https:\\\/\\\/alpagasdumaquis.be\\\/#\\\/schema\\\/logo\\\/image\\\/\",\"url\":\"https:\\\/\\\/alpagasdumaquis.be\\\/wp-content\\\/uploads\\\/2023\\\/07\\\/alpagas-logo.76cc389.webp\",\"contentUrl\":\"https:\\\/\\\/alpagasdumaquis.be\\\/wp-content\\\/uploads\\\/2023\\\/07\\\/alpagas-logo.76cc389.webp\",\"width\":200,\"height\":200,\"caption\":\"Alpagas du Maquis\"},\"image\":{\"@id\":\"https:\\\/\\\/alpagasdumaquis.be\\\/#\\\/schema\\\/logo\\\/image\\\/\"}}]}<\/script>\n<!-- \/ Yoast SEO plugin. -->","yoast_head_json":{"title":"Echarpe Karo mixte \/ 2 coloris au choix","description":"Pour elle comme pour lui... Cette \u00e9charpe\u00a0bien chaude aux motifs carreaux toujours tendance en baby alpaga\u00a0sera\u00a0 de la partie\u00a0pendant les saisons plus fra\u00eeches. Pour de longues balades automnales, optez pour une \u00e9l\u00e9gance intemporelle et la plus haute qualit\u00e9 d'une des fibres les plus fines au monde ! Mati\u00e8re : 100% baby alpaga Dimensions : 30 x 165\/180cm (sans\/avec franges)\u00a0","robots":{"index":"index","follow":"follow","max-snippet":"max-snippet:-1","max-image-preview":"max-image-preview:large","max-video-preview":"max-video-preview:-1"},"canonical":"https:\/\/alpagasdumaquis.be\/produit\/echarpe-karo-mixte-2-coloris-au-choix\/","og_locale":"en_US","og_type":"article","og_title":"Echarpe Karo mixte \/ 2 coloris au choix","og_description":"Pour elle comme pour lui... Cette \u00e9charpe\u00a0bien chaude aux motifs carreaux toujours tendance en baby alpaga\u00a0sera\u00a0 de la partie\u00a0pendant les saisons plus fra\u00eeches. Pour de longues balades automnales, optez pour une \u00e9l\u00e9gance intemporelle et la plus haute qualit\u00e9 d'une des fibres les plus fines au monde ! Mati\u00e8re : 100% baby alpaga Dimensions : 30 x 165\/180cm (sans\/avec franges)\u00a0","og_url":"https:\/\/alpagasdumaquis.be\/produit\/echarpe-karo-mixte-2-coloris-au-choix\/","og_site_name":"Alpagas du Maquis","article_modified_time":"2023-07-27T15:08:56+00:00","og_image":[{"width":1500,"height":2275,"url":"https:\/\/alpagasdumaquis.be\/wp-content\/uploads\/2023\/07\/products-alpaka-schal-karo-aus-100-baby-alpaka-1.jpg","type":"image\/jpeg"}],"twitter_card":"summary_large_image","schema":{"@context":"https:\/\/schema.org","@graph":[{"@type":"WebPage","@id":"https:\/\/alpagasdumaquis.be\/produit\/echarpe-karo-mixte-2-coloris-au-choix\/","url":"https:\/\/alpagasdumaquis.be\/produit\/echarpe-karo-mixte-2-coloris-au-choix\/","name":"Echarpe Karo mixte \/ 2 coloris au choix","isPartOf":{"@id":"https:\/\/alpagasdumaquis.be\/#website"},"primaryImageOfPage":{"@id":"https:\/\/alpagasdumaquis.be\/produit\/echarpe-karo-mixte-2-coloris-au-choix\/#primaryimage"},"image":{"@id":"https:\/\/alpagasdumaquis.be\/produit\/echarpe-karo-mixte-2-coloris-au-choix\/#primaryimage"},"thumbnailUrl":"https:\/\/alpagasdumaquis.be\/wp-content\/uploads\/2023\/07\/products-alpaka-schal-karo-aus-100-baby-alpaka-1.jpg","datePublished":"2023-07-27T13:01:53+00:00","dateModified":"2023-07-27T15:08:56+00:00","description":"Pour elle comme pour lui... Cette \u00e9charpe\u00a0bien chaude aux motifs carreaux toujours tendance en baby alpaga\u00a0sera\u00a0 de la partie\u00a0pendant les saisons plus fra\u00eeches. Pour de longues balades automnales, optez pour une \u00e9l\u00e9gance intemporelle et la plus haute qualit\u00e9 d'une des fibres les plus fines au monde ! Mati\u00e8re : 100% baby alpaga Dimensions : 30 x 165\/180cm (sans\/avec franges)\u00a0","breadcrumb":{"@id":"https:\/\/alpagasdumaquis.be\/produit\/echarpe-karo-mixte-2-coloris-au-choix\/#breadcrumb"},"inLanguage":"en-US","potentialAction":[{"@type":"ReadAction","target":["https:\/\/alpagasdumaquis.be\/produit\/echarpe-karo-mixte-2-coloris-au-choix\/"]}]},{"@type":"ImageObject","inLanguage":"en-US","@id":"https:\/\/alpagasdumaquis.be\/produit\/echarpe-karo-mixte-2-coloris-au-choix\/#primaryimage","url":"https:\/\/alpagasdumaquis.be\/wp-content\/uploads\/2023\/07\/products-alpaka-schal-karo-aus-100-baby-alpaka-1.jpg","contentUrl":"https:\/\/alpagasdumaquis.be\/wp-content\/uploads\/2023\/07\/products-alpaka-schal-karo-aus-100-baby-alpaka-1.jpg","width":1500,"height":2275,"caption":"Echarpe Karo mixte \/ 2 coloris au choix"},{"@type":"BreadcrumbList","@id":"https:\/\/alpagasdumaquis.be\/produit\/echarpe-karo-mixte-2-coloris-au-choix\/#breadcrumb","itemListElement":[{"@type":"ListItem","position":1,"name":"Accueil","item":"https:\/\/alpagasdumaquis.be\/en\/alpagas-du-maquis-alpaca-breeding-spinning-mill-shop\/"},{"@type":"ListItem","position":2,"name":"origin &#8211; Boutique","item":"https:\/\/alpagasdumaquis.be\/boutique-origin\/"},{"@type":"ListItem","position":3,"name":"Echarpe Karo mixte \/ 2 coloris au choix"}]},{"@type":"WebSite","@id":"https:\/\/alpagasdumaquis.be\/#website","url":"https:\/\/alpagasdumaquis.be\/","name":"Alpagas du Maquis","description":"Quality Alpagas &amp; Fiber Mill","publisher":{"@id":"https:\/\/alpagasdumaquis.be\/#organization"},"potentialAction":[{"@type":"SearchAction","target":{"@type":"EntryPoint","urlTemplate":"https:\/\/alpagasdumaquis.be\/?s={search_term_string}"},"query-input":{"@type":"PropertyValueSpecification","valueRequired":true,"valueName":"search_term_string"}}],"inLanguage":"en-US"},{"@type":"Organization","@id":"https:\/\/alpagasdumaquis.be\/#organization","name":"Alpagas du Maquis","url":"https:\/\/alpagasdumaquis.be\/","logo":{"@type":"ImageObject","inLanguage":"en-US","@id":"https:\/\/alpagasdumaquis.be\/#\/schema\/logo\/image\/","url":"https:\/\/alpagasdumaquis.be\/wp-content\/uploads\/2023\/07\/alpagas-logo.76cc389.webp","contentUrl":"https:\/\/alpagasdumaquis.be\/wp-content\/uploads\/2023\/07\/alpagas-logo.76cc389.webp","width":200,"height":200,"caption":"Alpagas du Maquis"},"image":{"@id":"https:\/\/alpagasdumaquis.be\/#\/schema\/logo\/image\/"}}]}},"jetpack_sharing_enabled":true,"_links":{"self":[{"href":"https:\/\/alpagasdumaquis.be\/en\/wp-json\/wp\/v2\/product\/3960","targetHints":{"allow":["GET"]}}],"collection":[{"href":"https:\/\/alpagasdumaquis.be\/en\/wp-json\/wp\/v2\/product"}],"about":[{"href":"https:\/\/alpagasdumaquis.be\/en\/wp-json\/wp\/v2\/types\/product"}],"replies":[{"embeddable":true,"href":"https:\/\/alpagasdumaquis.be\/en\/wp-json\/wp\/v2\/comments?post=3960"}],"version-history":[{"count":0,"href":"https:\/\/alpagasdumaquis.be\/en\/wp-json\/wp\/v2\/product\/3960\/revisions"}],"wp:featuredmedia":[{"embeddable":true,"href":"https:\/\/alpagasdumaquis.be\/en\/wp-json\/wp\/v2\/media\/3965"}],"wp:attachment":[{"href":"https:\/\/alpagasdumaquis.be\/en\/wp-json\/wp\/v2\/media?parent=3960"}],"wp:term":[{"taxonomy":"product_brand","embeddable":true,"href":"https:\/\/alpagasdumaquis.be\/en\/wp-json\/wp\/v2\/product_brand?post=3960"},{"taxonomy":"product_cat","embeddable":true,"href":"https:\/\/alpagasdumaquis.be\/en\/wp-json\/wp\/v2\/product_cat?post=3960"},{"taxonomy":"product_tag","embeddable":true,"href":"https:\/\/alpagasdumaquis.be\/en\/wp-json\/wp\/v2\/product_tag?post=3960"}],"curies":[{"name":"wp","href":"https:\/\/api.w.org\/{rel}","templated":true}]}}